{"id":12775,"date":"2023-11-27T00:15:32","date_gmt":"2023-11-26T21:15:32","guid":{"rendered":"https:\/\/karartmarble.com\/?post_type=product&#038;p=12775"},"modified":"2024-07-21T17:59:12","modified_gmt":"2024-07-21T14:59:12","slug":"pencere-onu-mermer-denizlik-kupeste","status":"publish","type":"product","link":"https:\/\/www.karartmarble.com\/tr\/urun\/pencere-onu-mermer-denizlik-kupeste\/","title":{"rendered":"Mermer Denizlik K\u00fcpe\u015fte <br><span class=\"ata_title\">Mu\u011fla Siyah\u0131 Mermer<\/span>"},"content":{"rendered":"\t\t<div data-elementor-type=\"wp-post\" data-elementor-id=\"12775\" class=\"elementor elementor-12775 elementor-12744\" data-elementor-post-type=\"product\">\n\t\t\t\t\t\t<section class=\"elementor-section elementor-top-section elementor-element elementor-element-0d75d4a elementor-section-boxed elementor-section-height-default elementor-section-height-default\" data-id=\"0d75d4a\" data-element_type=\"section\" data-e-type=\"section\">\n\t\t\t\t\t\t<div class=\"elementor-container elementor-column-gap-default\">\n\t\t\t\t\t<div class=\"elementor-column elementor-col-100 elementor-top-column elementor-element elementor-element-439709d\" data-id=\"439709d\" data-element_type=\"column\" data-e-type=\"column\">\n\t\t\t<div class=\"elementor-widget-wrap elementor-element-populated\">\n\t\t\t\t\t\t<div class=\"elementor-element elementor-element-fedd9b7 elementor-widget elementor-widget-etheme_gallery\" data-id=\"fedd9b7\" data-element_type=\"widget\" data-e-type=\"widget\" data-settings=\"{&quot;type&quot;:&quot;grid&quot;,&quot;columns&quot;:{&quot;unit&quot;:&quot;px&quot;,&quot;size&quot;:2,&quot;sizes&quot;:[]},&quot;columns_tablet&quot;:{&quot;unit&quot;:&quot;px&quot;,&quot;size&quot;:3,&quot;sizes&quot;:[]},&quot;columns_mobile&quot;:{&quot;unit&quot;:&quot;px&quot;,&quot;size&quot;:2,&quot;sizes&quot;:[]},&quot;columns_gap&quot;:{&quot;unit&quot;:&quot;px&quot;,&quot;size&quot;:10,&quot;sizes&quot;:[]},&quot;columns_gap_tablet&quot;:{&quot;unit&quot;:&quot;px&quot;,&quot;size&quot;:&quot;&quot;,&quot;sizes&quot;:[]},&quot;columns_gap_mobile&quot;:{&quot;unit&quot;:&quot;px&quot;,&quot;size&quot;:&quot;&quot;,&quot;sizes&quot;:[]},&quot;rows_gap&quot;:{&quot;unit&quot;:&quot;px&quot;,&quot;size&quot;:10,&quot;sizes&quot;:[]},&quot;rows_gap_tablet&quot;:{&quot;unit&quot;:&quot;px&quot;,&quot;size&quot;:&quot;&quot;,&quot;sizes&quot;:[]},&quot;rows_gap_mobile&quot;:{&quot;unit&quot;:&quot;px&quot;,&quot;size&quot;:&quot;&quot;,&quot;sizes&quot;:[]}}\" data-widget_type=\"etheme_gallery.default\">\n\t\t\t\t<div class=\"elementor-widget-container\">\n\t\t\t\t\t        \n        <div class=\"etheme-gallery-wrapper\">\n            \t            \n\t            <div class=\"e-gallery etheme-gallery active\" id=\"etheme-gallery-7299\" data-item-settings=\"{&quot;type&quot;:&quot;grid&quot;}\" data-uniq-id=\"7299\">\n                                <div class=\"e-gallery-item etheme-gallery-item\">\n                <div class=\"etheme-gallery-item-overlay\">\n                    <a data-elementor-open-lightbox=\"yes\" data-elementor-lightbox-slideshow=\"all-fedd9b7\" data-elementor-lightbox-title=\"3000-Pineta-Black-Marble-Sills-polished-honed-2\" data-e-action-hash=\"#elementor-action%3Aaction%3Dlightbox%26settings%3DeyJpZCI6MjAwMTMsInVybCI6Imh0dHBzOlwvXC93d3cua2FyYXJ0bWFyYmxlLmNvbVwvd3AtY29udGVudFwvdXBsb2Fkc1wvMjAyM1wvMTJcLzMwMDAtUGluZXRhLUJsYWNrLU1hcmJsZS1TaWxscy1wb2xpc2hlZC1ob25lZC0yLmpwZyIsInNsaWRlc2hvdyI6ImFsbC1mZWRkOWI3In0%3D\" class=\"e-gallery-image etheme-gallery-image elementor-gallery-item__image\" data-thumbnail=\"https:\/\/www.karartmarble.com\/wp-content\/uploads\/2023\/12\/3000-Pineta-Black-Marble-Sills-polished-honed-2.jpg\" data-width=\"1019\" data-height=\"571\" alt=\"\" style=\"background-image: url(&#039;https:\/\/www.karartmarble.com\/wp-content\/uploads\/2023\/12\/3000-Pineta-Black-Marble-Sills-polished-honed-2.jpg&#039;)\" href=\"https:\/\/www.karartmarble.com\/wp-content\/uploads\/2023\/12\/3000-Pineta-Black-Marble-Sills-polished-honed-2.jpg\"><\/a>\n\t                <span class=\"etheme-gallery-item-details etheme-gallery-item-details-inside\"><span class=\"etheme-gallery-lightbox-icon\">\n            <svg version=\"1.1\" xmlns=\"http:\/\/www.w3.org\/2000\/svg\" width=\"1em\" height=\"1em\" viewBox=\"0 0 24 24\" fill=\"currentColor\">\n                <path d=\"M23.784 22.8l-6.168-6.144c1.584-1.848 2.448-4.176 2.448-6.576 0-5.52-4.488-10.032-10.032-10.032-5.52 0-10.008 4.488-10.008 10.008s4.488 10.032 10.032 10.032c2.424 0 4.728-0.864 6.576-2.472l6.168 6.144c0.144 0.144 0.312 0.216 0.48 0.216s0.336-0.072 0.456-0.192c0.144-0.12 0.216-0.288 0.24-0.48 0-0.192-0.072-0.384-0.192-0.504zM18.696 10.080c0 4.752-3.888 8.64-8.664 8.64-4.752 0-8.64-3.888-8.64-8.664 0-4.752 3.888-8.64 8.664-8.64s8.64 3.888 8.64 8.664z\"><\/path>\n            <\/svg>\n        <\/span><\/span>                <\/div>\n\t            \t                        <\/div>\n\t                <div class=\"e-gallery-item etheme-gallery-item\">\n                <div class=\"etheme-gallery-item-overlay\">\n                    <a data-elementor-open-lightbox=\"yes\" data-elementor-lightbox-slideshow=\"all-fedd9b7\" data-elementor-lightbox-title=\"3000-Pineta-Black-Marble-Sills-polished-honed-3\" data-e-action-hash=\"#elementor-action%3Aaction%3Dlightbox%26settings%3DeyJpZCI6MjAwMTUsInVybCI6Imh0dHBzOlwvXC93d3cua2FyYXJ0bWFyYmxlLmNvbVwvd3AtY29udGVudFwvdXBsb2Fkc1wvMjAyM1wvMTJcLzMwMDAtUGluZXRhLUJsYWNrLU1hcmJsZS1TaWxscy1wb2xpc2hlZC1ob25lZC0zLmpwZyIsInNsaWRlc2hvdyI6ImFsbC1mZWRkOWI3In0%3D\" class=\"e-gallery-image etheme-gallery-image elementor-gallery-item__image\" data-thumbnail=\"https:\/\/www.karartmarble.com\/wp-content\/uploads\/2023\/12\/3000-Pineta-Black-Marble-Sills-polished-honed-3.jpg\" data-width=\"1019\" data-height=\"571\" alt=\"\" style=\"background-image: url(&#039;https:\/\/www.karartmarble.com\/wp-content\/uploads\/2023\/12\/3000-Pineta-Black-Marble-Sills-polished-honed-3.jpg&#039;)\" href=\"https:\/\/www.karartmarble.com\/wp-content\/uploads\/2023\/12\/3000-Pineta-Black-Marble-Sills-polished-honed-3.jpg\"><\/a>\n\t                <span class=\"etheme-gallery-item-details etheme-gallery-item-details-inside\"><span class=\"etheme-gallery-lightbox-icon\">\n            <svg version=\"1.1\" xmlns=\"http:\/\/www.w3.org\/2000\/svg\" width=\"1em\" height=\"1em\" viewBox=\"0 0 24 24\" fill=\"currentColor\">\n                <path d=\"M23.784 22.8l-6.168-6.144c1.584-1.848 2.448-4.176 2.448-6.576 0-5.52-4.488-10.032-10.032-10.032-5.52 0-10.008 4.488-10.008 10.008s4.488 10.032 10.032 10.032c2.424 0 4.728-0.864 6.576-2.472l6.168 6.144c0.144 0.144 0.312 0.216 0.48 0.216s0.336-0.072 0.456-0.192c0.144-0.12 0.216-0.288 0.24-0.48 0-0.192-0.072-0.384-0.192-0.504zM18.696 10.080c0 4.752-3.888 8.64-8.664 8.64-4.752 0-8.64-3.888-8.64-8.664 0-4.752 3.888-8.64 8.664-8.64s8.64 3.888 8.64 8.664z\"><\/path>\n            <\/svg>\n        <\/span><\/span>                <\/div>\n\t            \t                        <\/div>\n\t                    <\/div>\n                    <\/div>\n        \n        \t\t\t\t<\/div>\n\t\t\t\t<\/div>\n\t\t\t\t\t<\/div>\n\t\t<\/div>\n\t\t\t\t\t<\/div>\n\t\t<\/section>\n\t\t\t\t<section class=\"elementor-section elementor-top-section elementor-element elementor-element-63b74620 elementor-section-boxed elementor-section-height-default elementor-section-height-default\" data-id=\"63b74620\" data-element_type=\"section\" data-e-type=\"section\">\n\t\t\t\t\t\t<div class=\"elementor-container elementor-column-gap-default\">\n\t\t\t\t\t<div class=\"elementor-column elementor-col-100 elementor-top-column elementor-element elementor-element-79126a68\" data-id=\"79126a68\" data-element_type=\"column\" data-e-type=\"column\">\n\t\t\t<div class=\"elementor-widget-wrap elementor-element-populated\">\n\t\t\t\t\t\t<div class=\"elementor-element elementor-element-44f95067 elementor-widget elementor-widget-text-editor\" data-id=\"44f95067\" data-element_type=\"widget\" data-e-type=\"widget\" data-widget_type=\"text-editor.default\">\n\t\t\t\t<div class=\"elementor-widget-container\">\n\t\t\t\t\t\t\t\t\t<h2 class=\"editor_editorParagraph__isQNM\" dir=\"ltr\">Mu\u011fla Siyah\u0131 Mermer Denizlik K\u00fcpe\u015fte: Evinize \u015e\u0131kl\u0131k ve Dayan\u0131kl\u0131l\u0131k Kat\u0131n<\/h2><p class=\"editor_editorParagraph__isQNM\" dir=\"ltr\">Mu\u011fla Siyah\u0131 <strong>pencere \u00f6n\u00fc mermer<\/strong>, evinizin pencere ve balkonlar\u0131na hem estetik hem de dayan\u0131kl\u0131l\u0131k katacak m\u00fckemmel bir se\u00e7imdir. Bu zarif mermer \u00fcr\u00fcn, bulutsu gri rengi ve hafif beyaz damarlar\u0131yla evinize sofistike bir hava katarken, do\u011fal ta\u015f\u0131n sa\u011flaml\u0131\u011f\u0131n\u0131 da beraberinde getirir.<\/p><h2 dir=\"ltr\">\ud83c\udff7\ufe0f Pencere \u00f6n\u00fc mermer fiyatlar\u0131 ve \u00dcr\u00fcn \u00d6zellikleri<\/h2><ul class=\"editor_editorListUl__Z78So\"><li class=\"editor_editorListItem__O5oI5\" value=\"1\"><b><strong class=\"editor_editorTextBold__UTGUL\">Renk:<\/strong><\/b> Bulutsu gri, hafif beyaz damarl\u0131<\/li><li class=\"editor_editorListItem__O5oI5\" value=\"2\"><b><strong class=\"editor_editorTextBold__UTGUL\">Y\u00fczey \u0130\u015flemi:<\/strong><\/b> T\u00fcm y\u00fczeyler i\u00e7in uygun<\/li><li class=\"editor_editorListItem__O5oI5\" value=\"3\"><b><strong class=\"editor_editorTextBold__UTGUL\">Kullan\u0131m Alanlar\u0131:<\/strong><\/b> Pencere \u00f6nleri, balkonlar<\/li><li class=\"editor_editorListItem__O5oI5\" value=\"4\"><b><strong class=\"editor_editorTextBold__UTGUL\">Fiyat Aral\u0131\u011f\u0131:<\/strong><\/b> $21.00 \/m\u00b2 &#8211; $34.00 \/m\u00b2<\/li><\/ul><p class=\"editor_editorParagraph__isQNM\" dir=\"ltr\">Mu\u011fla Siyah\u0131 mermer denizlik k\u00fcpe\u015fte, pencerelerinizi ve balkonlar\u0131n\u0131z\u0131 sadece g\u00fczelle\u015ftirmekle kalmaz, ayn\u0131 zamanda onlar\u0131 d\u0131\u015f etkenlerden korur. Su ge\u00e7irmezlik \u00f6zelli\u011fi sayesinde nem ve rutubete kar\u015f\u0131 m\u00fckemmel bir bariyer olu\u015fturur, b\u00f6ylece evinizin de\u011ferini ve \u00f6mr\u00fcn\u00fc art\u0131r\u0131r.<\/p><p class=\"editor_editorParagraph__isQNM\" dir=\"ltr\">\u00dcr\u00fcn\u00fcm\u00fcz, m\u00b2 ba\u015f\u0131na <strong>21,00$ &#8211; 34,00$<\/strong> aras\u0131nda de\u011fi\u015fen fiyatlarla sunulmaktad\u0131r. \u0130htiya\u00e7lar\u0131n\u0131za g\u00f6re <strong>\u00f6zel \u00f6l\u00e7\u00fc ve kal\u0131nl\u0131kta<\/strong> \u00fcretim yapabiliyoruz, b\u00f6ylece her alana m\u00fckemmel uyum sa\u011flayabilirsiniz.<\/p><h2 class=\"elementor-heading-title elementor-size-default\">\u2b50\ufe0f Neden Mu\u011fla Siyah\u0131 Pencere \u00d6n\u00fc Mermer?<\/h2><ol class=\"editor_editorListOl__nODeB\"><li class=\"editor_editorListItem__O5oI5\" value=\"1\"><b><strong class=\"editor_editorTextBold__UTGUL\">Estetik G\u00f6r\u00fcn\u00fcm:<\/strong><\/b> Evinizin atmosferine \u015f\u0131kl\u0131k ve zarafet katar.<\/li><li class=\"editor_editorListItem__O5oI5\" value=\"2\"><b><strong class=\"editor_editorTextBold__UTGUL\">Dayan\u0131kl\u0131l\u0131k:<\/strong><\/b> Y\u00fcksek kaliteli mermer, uzun \u00f6m\u00fcrl\u00fc kullan\u0131m sa\u011flar.<\/li><li class=\"editor_editorListItem__O5oI5\" value=\"3\"><b><strong class=\"editor_editorTextBold__UTGUL\">\u00c7ok Y\u00f6nl\u00fcl\u00fck:<\/strong><\/b> Hem i\u00e7 hem de d\u0131\u015f mekanlarda kullan\u0131labilir.<\/li><li class=\"editor_editorListItem__O5oI5\" value=\"4\"><b><strong class=\"editor_editorTextBold__UTGUL\">\u00d6zelle\u015ftirilebilir Boyutlar:<\/strong><\/b> \u0130stedi\u011finiz \u00f6l\u00e7\u00fclerde \u00fcretilebilir.<\/li><\/ol><p dir=\"ltr\"><strong>Boyut ve Kal\u0131nl\u0131k Se\u00e7enekleri: <\/strong><\/p><p dir=\"ltr\">Standart boyutlar\u0131m\u0131z aras\u0131nda 30&#215;30, 30&#215;60, 40&#215;60, 40&#215;80 ve 60&#215;120 cm bulunmaktad\u0131r. Ayr\u0131ca, projenize \u00f6zel istenilen ebatlarda \u00fcretim yapabiliyoruz. Kal\u0131nl\u0131k se\u00e7eneklerimiz 1 cm&#8217;den 5 cm&#8217;ye kadar de\u011fi\u015fmektedir.<\/p><h2 class=\"editor_editorParagraph__isQNM\" dir=\"ltr\">\ud83d\udd37 pencere \u00f6n\u00fc mermer kaplama<\/h2><p class=\"editor_editorParagraph__isQNM\" dir=\"ltr\">Mermer kaplamal\u0131 Pencere \u00f6n\u00fc, estetik a\u00e7\u0131dan ho\u015f bir g\u00f6r\u00fcn\u00fcm sa\u011flar. <strong>Pencere \u00f6n\u00fc mermer kaplama<\/strong>, mekan\u0131n \u015f\u0131kl\u0131\u011f\u0131n\u0131 ve zarafetini art\u0131r\u0131r. Bu kaplama, hem i\u00e7 mekan\u0131 hem de d\u0131\u015f mekan\u0131 g\u00fczelle\u015ftirir. Pencere a\u00e7\u0131kl\u0131\u011f\u0131n\u0131n dekorasyonu i\u00e7in m\u00fckemmel bir se\u00e7enek olan mermer kaplama, zamanla dayan\u0131kl\u0131l\u0131\u011f\u0131n\u0131 ve kalitesini korur.<\/p><p class=\"editor_editorParagraph__isQNM\" dir=\"ltr\">Alan\u0131n\u0131zdaki do\u011fal \u0131\u015f\u0131\u011f\u0131 daha iyi kullanman\u0131z\u0131 sa\u011flayan mermer kaplama, odan\u0131za ferah bir atmosfer katar. Evinizin veya i\u015f yerinizin pencere \u00f6nlerinde mermer kaplama kullanarak, mekan\u0131n\u0131z\u0131n de\u011ferini y\u00fckseltebilir ve davetkar bir alan yaratabilirsiniz. Mermerin dayan\u0131kl\u0131 yap\u0131s\u0131, uzun vadede size maddi ve estetik a\u00e7\u0131dan avantaj sa\u011flar. <strong>Pencere \u00f6n\u00fc mermer kaplama<\/strong> kullanarak ya\u015fam alanlar\u0131n\u0131z\u0131 daha \u00e7ekici hale getirebilir ve ortama l\u00fcks bir dokunu\u015f katabilirsiniz.<\/p><h3 dir=\"ltr\">\ud83d\udd36 \u00dccretsiz Numune ve Fiyat Teklifi<\/h3><p class=\"editor_editorParagraph__isQNM\" dir=\"ltr\">Mu\u011fla Siyah\u0131 Pencere \u00d6n\u00fc Mermer&#8217;in kalitesini ve g\u00fczelli\u011fini yak\u0131ndan g\u00f6rmek ister misiniz? \u00dccretsiz numune talep edebilir ve projenize \u00f6zel fiyat teklifi alabilirsiniz.<\/p><p class=\"editor_editorParagraph__isQNM\" dir=\"ltr\"><a href=\"https:\/\/karartmarble.com\/tr\/ucretsiz-mermer-numune\/\"><strong>\u00dccretsiz Numune<\/strong><\/a> ve <a href=\"https:\/\/karartmarble.com\/tr\/iletisim\/\"><strong>Fiyat Teklifi Al<\/strong><\/a><\/p><p class=\"editor_editorParagraph__isQNM\" dir=\"ltr\"><strong>Siyah pencere \u00f6n\u00fc mermer<\/strong> ile evinizin pencerelerine ve balkonlar\u0131na l\u00fcks bir dokunu\u015f kat\u0131n. Uzman ekibimiz, size en uygun \u00e7\u00f6z\u00fcm\u00fc sunmak i\u00e7in haz\u0131r bekliyor. Hemen ileti\u015fime ge\u00e7in ve evinizi d\u00f6n\u00fc\u015ft\u00fcrmeye ba\u015flay\u0131n!<\/p><p dir=\"ltr\">\u00a0<\/p>\t\t\t\t\t\t\t\t<\/div>\n\t\t\t\t<\/div>\n\t\t\t\t\t<\/div>\n\t\t<\/div>\n\t\t\t\t\t<\/div>\n\t\t<\/section>\n\t\t\t\t<\/div>\n\t\t","protected":false},"excerpt":{"rendered":"[table id=169 \/]\n","protected":false},"featured_media":12807,"comment_status":"open","ping_status":"closed","template":"","meta":{"inline_featured_image":false},"etheme_brands":[],"product_brand":[],"product_cat":[403,404],"product_tag":[],"class_list":{"0":"post-12775","1":"product","2":"type-product","3":"status-publish","4":"has-post-thumbnail","6":"product_cat-basamaklar","7":"product_cat-tum-urunler","9":"first","10":"outofstock","11":"shipping-taxable","12":"purchasable","13":"product-type-variable"},"_links":{"self":[{"href":"https:\/\/www.karartmarble.com\/tr\/wp-json\/wp\/v2\/product\/12775","targetHints":{"allow":["GET"]}}],"collection":[{"href":"https:\/\/www.karartmarble.com\/tr\/wp-json\/wp\/v2\/product"}],"about":[{"href":"https:\/\/www.karartmarble.com\/tr\/wp-json\/wp\/v2\/types\/product"}],"replies":[{"embeddable":true,"href":"https:\/\/www.karartmarble.com\/tr\/wp-json\/wp\/v2\/comments?post=12775"}],"version-history":[{"count":0,"href":"https:\/\/www.karartmarble.com\/tr\/wp-json\/wp\/v2\/product\/12775\/revisions"}],"wp:featuredmedia":[{"embeddable":true,"href":"https:\/\/www.karartmarble.com\/tr\/wp-json\/wp\/v2\/media\/12807"}],"wp:attachment":[{"href":"https:\/\/www.karartmarble.com\/tr\/wp-json\/wp\/v2\/media?parent=12775"}],"wp:term":[{"taxonomy":"brand","embeddable":true,"href":"https:\/\/www.karartmarble.com\/tr\/wp-json\/wp\/v2\/etheme_brands?post=12775"},{"taxonomy":"product_brand","embeddable":true,"href":"https:\/\/www.karartmarble.com\/tr\/wp-json\/wp\/v2\/product_brand?post=12775"},{"taxonomy":"product_cat","embeddable":true,"href":"https:\/\/www.karartmarble.com\/tr\/wp-json\/wp\/v2\/product_cat?post=12775"},{"taxonomy":"product_tag","embeddable":true,"href":"https:\/\/www.karartmarble.com\/tr\/wp-json\/wp\/v2\/product_tag?post=12775"}],"curies":[{"name":"wp","href":"https:\/\/api.w.org\/{rel}","templated":true}]}}