{"id":14745,"date":"2023-11-27T02:32:02","date_gmt":"2023-11-26T23:32:02","guid":{"rendered":"https:\/\/karartmarble.com\/?post_type=product&#038;p=14745"},"modified":"2024-07-04T14:27:58","modified_gmt":"2024-07-04T11:27:58","slug":"mermer-mutfak-fayanslari-mugla-siyahi-mermer","status":"publish","type":"product","link":"https:\/\/www.karartmarble.com\/tr\/urun\/mermer-mutfak-fayanslari-mugla-siyahi-mermer\/","title":{"rendered":"Mermer Mutfak Fayanslar\u0131 <br><span class=\"ata_title\">Mu\u011fla Siyah\u0131 Mermer<\/span>"},"content":{"rendered":"\t\t<div data-elementor-type=\"wp-post\" data-elementor-id=\"14745\" class=\"elementor elementor-14745 elementor-14714\" data-elementor-post-type=\"product\">\n\t\t\t\t\t\t<section class=\"elementor-section elementor-top-section elementor-element elementor-element-0d75d4a elementor-section-boxed elementor-section-height-default elementor-section-height-default\" data-id=\"0d75d4a\" data-element_type=\"section\" data-e-type=\"section\">\n\t\t\t\t\t\t<div class=\"elementor-container elementor-column-gap-default\">\n\t\t\t\t\t<div class=\"elementor-column elementor-col-100 elementor-top-column elementor-element elementor-element-439709d\" data-id=\"439709d\" data-element_type=\"column\" data-e-type=\"column\">\n\t\t\t<div class=\"elementor-widget-wrap elementor-element-populated\">\n\t\t\t\t\t\t<div class=\"elementor-element elementor-element-fedd9b7 elementor-widget elementor-widget-etheme_gallery\" data-id=\"fedd9b7\" data-element_type=\"widget\" data-e-type=\"widget\" data-settings=\"{&quot;type&quot;:&quot;grid&quot;,&quot;columns&quot;:{&quot;unit&quot;:&quot;px&quot;,&quot;size&quot;:3,&quot;sizes&quot;:[]},&quot;columns_tablet&quot;:{&quot;unit&quot;:&quot;px&quot;,&quot;size&quot;:3,&quot;sizes&quot;:[]},&quot;columns_mobile&quot;:{&quot;unit&quot;:&quot;px&quot;,&quot;size&quot;:2,&quot;sizes&quot;:[]},&quot;columns_gap&quot;:{&quot;unit&quot;:&quot;px&quot;,&quot;size&quot;:10,&quot;sizes&quot;:[]},&quot;columns_gap_tablet&quot;:{&quot;unit&quot;:&quot;px&quot;,&quot;size&quot;:&quot;&quot;,&quot;sizes&quot;:[]},&quot;columns_gap_mobile&quot;:{&quot;unit&quot;:&quot;px&quot;,&quot;size&quot;:&quot;&quot;,&quot;sizes&quot;:[]},&quot;rows_gap&quot;:{&quot;unit&quot;:&quot;px&quot;,&quot;size&quot;:10,&quot;sizes&quot;:[]},&quot;rows_gap_tablet&quot;:{&quot;unit&quot;:&quot;px&quot;,&quot;size&quot;:&quot;&quot;,&quot;sizes&quot;:[]},&quot;rows_gap_mobile&quot;:{&quot;unit&quot;:&quot;px&quot;,&quot;size&quot;:&quot;&quot;,&quot;sizes&quot;:[]}}\" data-widget_type=\"etheme_gallery.default\">\n\t\t\t\t<div class=\"elementor-widget-container\">\n\t\t\t\t\t<div class=\"elementor-panel-alert elementor-panel-alert-elementor-panel-alert-warning\">Please, add images to create gallery<\/div>\t\t\t\t<\/div>\n\t\t\t\t<\/div>\n\t\t\t\t\t<\/div>\n\t\t<\/div>\n\t\t\t\t\t<\/div>\n\t\t<\/section>\n\t\t\t\t<section class=\"elementor-section elementor-top-section elementor-element elementor-element-d24dab3 elementor-section-boxed elementor-section-height-default elementor-section-height-default\" data-id=\"d24dab3\" data-element_type=\"section\" data-e-type=\"section\">\n\t\t\t\t\t\t<div class=\"elementor-container elementor-column-gap-default\">\n\t\t\t\t\t<div class=\"elementor-column elementor-col-100 elementor-top-column elementor-element elementor-element-aff3c06\" data-id=\"aff3c06\" data-element_type=\"column\" data-e-type=\"column\">\n\t\t\t<div class=\"elementor-widget-wrap elementor-element-populated\">\n\t\t\t\t\t\t<div class=\"elementor-element elementor-element-852d143 elementor-widget elementor-widget-text-editor\" data-id=\"852d143\" data-element_type=\"widget\" data-e-type=\"widget\" data-widget_type=\"text-editor.default\">\n\t\t\t\t<div class=\"elementor-widget-container\">\n\t\t\t\t\t\t\t\t\t<h2 class=\"text-xl font-semibold\">Mu\u011fla Siyah\u0131 Mermer Mutfak Fayanslar\u0131<\/h2><p class=\"pb-3 last:pb-0\">Mutfa\u011f\u0131n\u0131za zarif bir dokunu\u015f eklemek mi istiyorsunuz? Siyah mermer mutfak fayanslar\u0131 ile \u015f\u0131kl\u0131\u011f\u0131 ve dayan\u0131kl\u0131l\u0131\u011f\u0131 bir arada ya\u015fay\u0131n. Siyah mermer mutfak fayanslar\u0131m\u0131z, mutfak alan\u0131n\u0131z\u0131 an\u0131nda d\u00f6n\u00fc\u015ft\u00fcrerek estetik ve modern bir g\u00f6r\u00fcn\u00fcm sunar.<\/p><h3 class=\"text-lg font-semibold\">\u00dcr\u00fcn \u00d6zellikleri:<\/h3><ul class=\"m-0 py-1 pl-4 pr-0 list-disc\"><li><strong>Renk:<\/strong> Beyaz zemin \u00fczerinde hafif gri damarlar ile \u00e7ekici ve sofistike bir g\u00f6r\u00fcn\u00fcme sahiptir.<\/li><li><strong>Y\u00fczey \u0130\u015flemi:<\/strong> T\u00fcm y\u00fczey t\u00fcrlerinde mevcuttur, bu da size \u00e7e\u015fitli se\u00e7enekler sunar.<\/li><li><strong>Kullan\u0131m Alanlar\u0131:<\/strong> Mutfak<\/li><li><strong>Boyutlar:<\/strong> 30&#215;30 cm, 30&#215;60 cm, 40&#215;60 cm, 40&#215;80 cm, 60&#215;120 cm ve istenilen ebatlarda \u00fcretilebilir.<\/li><li><strong>Kal\u0131nl\u0131k:<\/strong> 1 cm\u2019den 5 cm\u2019ye kadar t\u00fcm kal\u0131nl\u0131klarda \u00fcretilebilir.<\/li><li><strong>Fiyat Aral\u0131\u011f\u0131:<\/strong> $19.00 \/m\u00b2 &#8211; $32.00 \/m\u00b2<\/li><\/ul><h3 class=\"text-lg font-semibold\">Neden Mu\u011fla Siyah\u0131 Mermer Mutfak Fayanslar\u0131?<\/h3><ol class=\"m-0 py-1 pl-4 pr-0 list-decimal\"><li><strong>Dayan\u0131kl\u0131l\u0131k:<\/strong> Mermerin do\u011fal sertli\u011fi sayesinde uzun \u00f6m\u00fcrl\u00fc kullan\u0131m sa\u011flar.<\/li><li><strong>Estetik G\u00f6r\u00fcn\u00fcm:<\/strong> Zarif damarlar\u0131 ve \u015f\u0131k rengi ile her mutfakta g\u00f6z al\u0131c\u0131 bir etki yarat\u0131r.<\/li><li><strong>Kolay Bak\u0131m:<\/strong> Temizlenmesi kolayd\u0131r ve lekelere kar\u015f\u0131 diren\u00e7lidir.<\/li><li><strong>\u00c7e\u015fitli Boyut Se\u00e7enekleri:<\/strong> \u0130htiyac\u0131n\u0131za uygun boyutlarda \u00fcretilebilir.<\/li><\/ol><h3 class=\"text-lg font-semibold\">\u00dccretsiz Numune ve Fiyat Teklifi<\/h3><p class=\"pb-3 last:pb-0\">Mu\u011fla Siyah\u0131 Mermer Mutfak Fayanslar\u0131&#8217;n\u0131 deneyimlemek i\u00e7in \u00fccretsiz numune talep edebilir veya en iyi fiyat teklifi almak i\u00e7in bizimle ileti\u015fime ge\u00e7ebilirsiniz. Ayr\u0131ca, online \u00f6deme se\u00e7enekleriyle mermer objeler de sat\u0131n alabilirsiniz.<\/p><p class=\"pb-3 last:pb-0\">Mutfak dekorasyonunda fark yaratmak isteyenler i\u00e7in m\u00fckemmel bir se\u00e7im olan siyah mermer mutfak fayanslar\u0131, hem fonksiyonel hem de estetik a\u00e7\u0131dan \u00fcst\u00fcn bir \u00fcr\u00fcnd\u00fcr. \u015eimdi sepete ekleyin ve mutfa\u011f\u0131n\u0131zda l\u00fcks\u00fc ya\u015fay\u0131n!<\/p><p class=\"pb-3 last:pb-0\"><strong>Bize ula\u015fmak i\u00e7in:<\/strong><\/p><ul><li class=\"pb-3 last:pb-0\"><strong>Telefon<\/strong>: +90 252 400 00 47<\/li><li class=\"pb-3 last:pb-0\"><strong>WhatsApp<\/strong>: +90 541 467 95 96<\/li><li class=\"pb-3 last:pb-0\"><strong>Email<\/strong>: <a href=\"mailto:sales@karartmarble.com\" target=\"_blank\" rel=\"noreferrer noopener\">sales@karartmarble.com<\/a><\/li><\/ul>\t\t\t\t\t\t\t\t<\/div>\n\t\t\t\t<\/div>\n\t\t\t\t\t<\/div>\n\t\t<\/div>\n\t\t\t\t\t<\/div>\n\t\t<\/section>\n\t\t\t\t<\/div>\n\t\t","protected":false},"excerpt":{"rendered":"[table id=225 \/]\n","protected":false},"featured_media":14901,"comment_status":"open","ping_status":"closed","template":"","meta":{"inline_featured_image":false},"etheme_brands":[{"term_id":365,"name":"karartmarble","slug":"karartmarble-tr","term_group":0,"term_taxonomy_id":365,"taxonomy":"brand","description":"","parent":0,"count":91,"filter":"raw"}],"product_brand":[],"product_cat":[399,404],"product_tag":[],"class_list":{"0":"post-14745","1":"product","2":"type-product","3":"status-publish","4":"has-post-thumbnail","6":"brand-karartmarble-tr","7":"product_cat-mutfak","8":"product_cat-tum-urunler","10":"first","11":"outofstock","12":"shipping-taxable","13":"purchasable","14":"product-type-variable"},"_links":{"self":[{"href":"https:\/\/www.karartmarble.com\/tr\/wp-json\/wp\/v2\/product\/14745","targetHints":{"allow":["GET"]}}],"collection":[{"href":"https:\/\/www.karartmarble.com\/tr\/wp-json\/wp\/v2\/product"}],"about":[{"href":"https:\/\/www.karartmarble.com\/tr\/wp-json\/wp\/v2\/types\/product"}],"replies":[{"embeddable":true,"href":"https:\/\/www.karartmarble.com\/tr\/wp-json\/wp\/v2\/comments?post=14745"}],"version-history":[{"count":0,"href":"https:\/\/www.karartmarble.com\/tr\/wp-json\/wp\/v2\/product\/14745\/revisions"}],"wp:featuredmedia":[{"embeddable":true,"href":"https:\/\/www.karartmarble.com\/tr\/wp-json\/wp\/v2\/media\/14901"}],"wp:attachment":[{"href":"https:\/\/www.karartmarble.com\/tr\/wp-json\/wp\/v2\/media?parent=14745"}],"wp:term":[{"taxonomy":"brand","embeddable":true,"href":"https:\/\/www.karartmarble.com\/tr\/wp-json\/wp\/v2\/etheme_brands?post=14745"},{"taxonomy":"product_brand","embeddable":true,"href":"https:\/\/www.karartmarble.com\/tr\/wp-json\/wp\/v2\/product_brand?post=14745"},{"taxonomy":"product_cat","embeddable":true,"href":"https:\/\/www.karartmarble.com\/tr\/wp-json\/wp\/v2\/product_cat?post=14745"},{"taxonomy":"product_tag","embeddable":true,"href":"https:\/\/www.karartmarble.com\/tr\/wp-json\/wp\/v2\/product_tag?post=14745"}],"curies":[{"name":"wp","href":"https:\/\/api.w.org\/{rel}","templated":true}]}}