{"id":36073,"date":"2024-09-24T22:56:08","date_gmt":"2024-09-24T19:56:08","guid":{"rendered":"https:\/\/karartmarble.com\/?post_type=product&#038;p=36073"},"modified":"2024-09-25T23:20:08","modified_gmt":"2024-09-25T20:20:08","slug":"calacatta-viola","status":"publish","type":"product","link":"https:\/\/www.karartmarble.com\/tr\/urun\/calacatta-viola\/","title":{"rendered":"Calacatta Viola <br><span class=\"ata_title\">T\u00fcm Y\u00fczeyler<\/span>"},"content":{"rendered":"\t\t<div data-elementor-type=\"wp-post\" data-elementor-id=\"36073\" class=\"elementor elementor-36073 elementor-36021\" data-elementor-post-type=\"product\">\n\t\t\t\t\t\t<section class=\"elementor-section elementor-top-section elementor-element elementor-element-0d75d4a elementor-section-boxed elementor-section-height-default elementor-section-height-default\" data-id=\"0d75d4a\" data-element_type=\"section\" data-e-type=\"section\">\n\t\t\t\t\t\t<div class=\"elementor-container elementor-column-gap-default\">\n\t\t\t\t\t<div class=\"elementor-column elementor-col-100 elementor-top-column elementor-element elementor-element-439709d\" data-id=\"439709d\" data-element_type=\"column\" data-e-type=\"column\">\n\t\t\t<div class=\"elementor-widget-wrap elementor-element-populated\">\n\t\t\t\t\t\t<div class=\"elementor-element elementor-element-fedd9b7 elementor-widget elementor-widget-etheme_gallery\" data-id=\"fedd9b7\" data-element_type=\"widget\" data-e-type=\"widget\" data-settings=\"{&quot;type&quot;:&quot;grid&quot;,&quot;columns&quot;:{&quot;unit&quot;:&quot;px&quot;,&quot;size&quot;:3,&quot;sizes&quot;:[]},&quot;columns_tablet&quot;:{&quot;unit&quot;:&quot;px&quot;,&quot;size&quot;:3,&quot;sizes&quot;:[]},&quot;columns_mobile&quot;:{&quot;unit&quot;:&quot;px&quot;,&quot;size&quot;:2,&quot;sizes&quot;:[]},&quot;columns_gap&quot;:{&quot;unit&quot;:&quot;px&quot;,&quot;size&quot;:10,&quot;sizes&quot;:[]},&quot;columns_gap_tablet&quot;:{&quot;unit&quot;:&quot;px&quot;,&quot;size&quot;:&quot;&quot;,&quot;sizes&quot;:[]},&quot;columns_gap_mobile&quot;:{&quot;unit&quot;:&quot;px&quot;,&quot;size&quot;:&quot;&quot;,&quot;sizes&quot;:[]},&quot;rows_gap&quot;:{&quot;unit&quot;:&quot;px&quot;,&quot;size&quot;:10,&quot;sizes&quot;:[]},&quot;rows_gap_tablet&quot;:{&quot;unit&quot;:&quot;px&quot;,&quot;size&quot;:&quot;&quot;,&quot;sizes&quot;:[]},&quot;rows_gap_mobile&quot;:{&quot;unit&quot;:&quot;px&quot;,&quot;size&quot;:&quot;&quot;,&quot;sizes&quot;:[]}}\" data-widget_type=\"etheme_gallery.default\">\n\t\t\t\t<div class=\"elementor-widget-container\">\n\t\t\t\t\t        \n        <div class=\"etheme-gallery-wrapper\">\n            \t            \n\t            <div class=\"e-gallery etheme-gallery active\" id=\"etheme-gallery-6842\" data-item-settings=\"{&quot;type&quot;:&quot;grid&quot;}\" data-uniq-id=\"6842\">\n                                <div class=\"e-gallery-item etheme-gallery-item\">\n                <div class=\"etheme-gallery-item-overlay\">\n                    <a data-elementor-open-lightbox=\"yes\" data-elementor-lightbox-slideshow=\"all-fedd9b7\" data-elementor-lightbox-title=\"calacatta-viola-marble-1\" data-elementor-lightbox-description=\"Calacatta Viola table\" data-e-action-hash=\"#elementor-action%3Aaction%3Dlightbox%26settings%3DeyJpZCI6MzYzMjIsInVybCI6Imh0dHBzOlwvXC93d3cua2FyYXJ0bWFyYmxlLmNvbVwvd3AtY29udGVudFwvdXBsb2Fkc1wvMjAyNFwvMDlcL2NhbGFjYXR0YS12aW9sYS1tYXJibGUtMS0yLmpwZWciLCJzbGlkZXNob3ciOiJhbGwtZmVkZDliNyJ9\" class=\"e-gallery-image etheme-gallery-image elementor-gallery-item__image\" data-thumbnail=\"https:\/\/www.karartmarble.com\/wp-content\/uploads\/2024\/09\/calacatta-viola-marble-1-2.jpeg\" data-width=\"1080\" data-height=\"1080\" alt=\"Calacatta Viola table\" style=\"background-image: url(&#039;https:\/\/www.karartmarble.com\/wp-content\/uploads\/2024\/09\/calacatta-viola-marble-1-2.jpeg&#039;)\" href=\"https:\/\/www.karartmarble.com\/wp-content\/uploads\/2024\/09\/calacatta-viola-marble-1-2.jpeg\"><\/a>\n\t                <span class=\"etheme-gallery-item-details etheme-gallery-item-details-inside\"><span class=\"etheme-gallery-lightbox-icon\">\n            <svg version=\"1.1\" xmlns=\"http:\/\/www.w3.org\/2000\/svg\" width=\"1em\" height=\"1em\" viewBox=\"0 0 24 24\" fill=\"currentColor\">\n                <path d=\"M23.784 22.8l-6.168-6.144c1.584-1.848 2.448-4.176 2.448-6.576 0-5.52-4.488-10.032-10.032-10.032-5.52 0-10.008 4.488-10.008 10.008s4.488 10.032 10.032 10.032c2.424 0 4.728-0.864 6.576-2.472l6.168 6.144c0.144 0.144 0.312 0.216 0.48 0.216s0.336-0.072 0.456-0.192c0.144-0.12 0.216-0.288 0.24-0.48 0-0.192-0.072-0.384-0.192-0.504zM18.696 10.080c0 4.752-3.888 8.64-8.664 8.64-4.752 0-8.64-3.888-8.64-8.664 0-4.752 3.888-8.64 8.664-8.64s8.64 3.888 8.64 8.664z\"><\/path>\n            <\/svg>\n        <\/span><\/span>                <\/div>\n\t            \t                        <\/div>\n\t                <div class=\"e-gallery-item etheme-gallery-item\">\n                <div class=\"etheme-gallery-item-overlay\">\n                    <a data-elementor-open-lightbox=\"yes\" data-elementor-lightbox-slideshow=\"all-fedd9b7\" data-elementor-lightbox-title=\"calacatta-viola-marble-2\" data-elementor-lightbox-description=\"calacatta Viola Slabs\" data-e-action-hash=\"#elementor-action%3Aaction%3Dlightbox%26settings%3DeyJpZCI6MzYzMjQsInVybCI6Imh0dHBzOlwvXC93d3cua2FyYXJ0bWFyYmxlLmNvbVwvd3AtY29udGVudFwvdXBsb2Fkc1wvMjAyNFwvMDlcL2NhbGFjYXR0YS12aW9sYS1tYXJibGUtMi0yLmpwZWciLCJzbGlkZXNob3ciOiJhbGwtZmVkZDliNyJ9\" class=\"e-gallery-image etheme-gallery-image elementor-gallery-item__image\" data-thumbnail=\"https:\/\/www.karartmarble.com\/wp-content\/uploads\/2024\/09\/calacatta-viola-marble-2-2.jpeg\" data-width=\"1804\" data-height=\"1145\" alt=\"calacatta Viola tiles\" style=\"background-image: url(&#039;https:\/\/www.karartmarble.com\/wp-content\/uploads\/2024\/09\/calacatta-viola-marble-2-2.jpeg&#039;)\" href=\"https:\/\/www.karartmarble.com\/wp-content\/uploads\/2024\/09\/calacatta-viola-marble-2-2.jpeg\"><\/a>\n\t                <span class=\"etheme-gallery-item-details etheme-gallery-item-details-inside\"><span class=\"etheme-gallery-lightbox-icon\">\n            <svg version=\"1.1\" xmlns=\"http:\/\/www.w3.org\/2000\/svg\" width=\"1em\" height=\"1em\" viewBox=\"0 0 24 24\" fill=\"currentColor\">\n                <path d=\"M23.784 22.8l-6.168-6.144c1.584-1.848 2.448-4.176 2.448-6.576 0-5.52-4.488-10.032-10.032-10.032-5.52 0-10.008 4.488-10.008 10.008s4.488 10.032 10.032 10.032c2.424 0 4.728-0.864 6.576-2.472l6.168 6.144c0.144 0.144 0.312 0.216 0.48 0.216s0.336-0.072 0.456-0.192c0.144-0.12 0.216-0.288 0.24-0.48 0-0.192-0.072-0.384-0.192-0.504zM18.696 10.080c0 4.752-3.888 8.64-8.664 8.64-4.752 0-8.64-3.888-8.64-8.664 0-4.752 3.888-8.64 8.664-8.64s8.64 3.888 8.64 8.664z\"><\/path>\n            <\/svg>\n        <\/span><\/span>                <\/div>\n\t            \t                        <\/div>\n\t                <div class=\"e-gallery-item etheme-gallery-item\">\n                <div class=\"etheme-gallery-item-overlay\">\n                    <a data-elementor-open-lightbox=\"yes\" data-elementor-lightbox-slideshow=\"all-fedd9b7\" data-elementor-lightbox-title=\"calacatta-viola-marble-3 2\" data-elementor-lightbox-description=\"calacatta Viola Slabs\" data-e-action-hash=\"#elementor-action%3Aaction%3Dlightbox%26settings%3DeyJpZCI6MzYzMjYsInVybCI6Imh0dHBzOlwvXC93d3cua2FyYXJ0bWFyYmxlLmNvbVwvd3AtY29udGVudFwvdXBsb2Fkc1wvMjAyNFwvMDlcL2NhbGFjYXR0YS12aW9sYS1tYXJibGUtMy0yLTIuanBlZyIsInNsaWRlc2hvdyI6ImFsbC1mZWRkOWI3In0%3D\" class=\"e-gallery-image etheme-gallery-image elementor-gallery-item__image\" data-thumbnail=\"https:\/\/www.karartmarble.com\/wp-content\/uploads\/2024\/09\/calacatta-viola-marble-3-2-2.jpeg\" data-width=\"1600\" data-height=\"1200\" alt=\"calacatta Viola slabs\" style=\"background-image: url(&#039;https:\/\/www.karartmarble.com\/wp-content\/uploads\/2024\/09\/calacatta-viola-marble-3-2-2.jpeg&#039;)\" href=\"https:\/\/www.karartmarble.com\/wp-content\/uploads\/2024\/09\/calacatta-viola-marble-3-2-2.jpeg\"><\/a>\n\t                <span class=\"etheme-gallery-item-details etheme-gallery-item-details-inside\"><span class=\"etheme-gallery-lightbox-icon\">\n            <svg version=\"1.1\" xmlns=\"http:\/\/www.w3.org\/2000\/svg\" width=\"1em\" height=\"1em\" viewBox=\"0 0 24 24\" fill=\"currentColor\">\n                <path d=\"M23.784 22.8l-6.168-6.144c1.584-1.848 2.448-4.176 2.448-6.576 0-5.52-4.488-10.032-10.032-10.032-5.52 0-10.008 4.488-10.008 10.008s4.488 10.032 10.032 10.032c2.424 0 4.728-0.864 6.576-2.472l6.168 6.144c0.144 0.144 0.312 0.216 0.48 0.216s0.336-0.072 0.456-0.192c0.144-0.12 0.216-0.288 0.24-0.48 0-0.192-0.072-0.384-0.192-0.504zM18.696 10.080c0 4.752-3.888 8.64-8.664 8.64-4.752 0-8.64-3.888-8.64-8.664 0-4.752 3.888-8.64 8.664-8.64s8.64 3.888 8.64 8.664z\"><\/path>\n            <\/svg>\n        <\/span><\/span>                <\/div>\n\t            \t                        <\/div>\n\t                <div class=\"e-gallery-item etheme-gallery-item\">\n                <div class=\"etheme-gallery-item-overlay\">\n                    <a data-elementor-open-lightbox=\"yes\" data-elementor-lightbox-slideshow=\"all-fedd9b7\" data-elementor-lightbox-title=\"calacatta-viola-marble-4 2\" data-elementor-lightbox-description=\"calacatta Viola Slabs\" data-e-action-hash=\"#elementor-action%3Aaction%3Dlightbox%26settings%3DeyJpZCI6MzYzMjgsInVybCI6Imh0dHBzOlwvXC93d3cua2FyYXJ0bWFyYmxlLmNvbVwvd3AtY29udGVudFwvdXBsb2Fkc1wvMjAyNFwvMDlcL2NhbGFjYXR0YS12aW9sYS1tYXJibGUtNC0yLTIuanBlZyIsInNsaWRlc2hvdyI6ImFsbC1mZWRkOWI3In0%3D\" class=\"e-gallery-image etheme-gallery-image elementor-gallery-item__image\" data-thumbnail=\"https:\/\/www.karartmarble.com\/wp-content\/uploads\/2024\/09\/calacatta-viola-marble-4-2-2.jpeg\" data-width=\"1600\" data-height=\"1200\" alt=\"Calacatta Viola marble slabs\" style=\"background-image: url(&#039;https:\/\/www.karartmarble.com\/wp-content\/uploads\/2024\/09\/calacatta-viola-marble-4-2-2.jpeg&#039;)\" href=\"https:\/\/www.karartmarble.com\/wp-content\/uploads\/2024\/09\/calacatta-viola-marble-4-2-2.jpeg\"><\/a>\n\t                <span class=\"etheme-gallery-item-details etheme-gallery-item-details-inside\"><span class=\"etheme-gallery-lightbox-icon\">\n            <svg version=\"1.1\" xmlns=\"http:\/\/www.w3.org\/2000\/svg\" width=\"1em\" height=\"1em\" viewBox=\"0 0 24 24\" fill=\"currentColor\">\n                <path d=\"M23.784 22.8l-6.168-6.144c1.584-1.848 2.448-4.176 2.448-6.576 0-5.52-4.488-10.032-10.032-10.032-5.52 0-10.008 4.488-10.008 10.008s4.488 10.032 10.032 10.032c2.424 0 4.728-0.864 6.576-2.472l6.168 6.144c0.144 0.144 0.312 0.216 0.48 0.216s0.336-0.072 0.456-0.192c0.144-0.12 0.216-0.288 0.24-0.48 0-0.192-0.072-0.384-0.192-0.504zM18.696 10.080c0 4.752-3.888 8.64-8.664 8.64-4.752 0-8.64-3.888-8.64-8.664 0-4.752 3.888-8.64 8.664-8.64s8.64 3.888 8.64 8.664z\"><\/path>\n            <\/svg>\n        <\/span><\/span>                <\/div>\n\t            \t                        <\/div>\n\t                <div class=\"e-gallery-item etheme-gallery-item\">\n                <div class=\"etheme-gallery-item-overlay\">\n                    <a data-elementor-open-lightbox=\"yes\" data-elementor-lightbox-slideshow=\"all-fedd9b7\" data-elementor-lightbox-title=\"calacatta-viola-marble-5 2\" data-elementor-lightbox-description=\"calacatta Viola Slabs\" data-e-action-hash=\"#elementor-action%3Aaction%3Dlightbox%26settings%3DeyJpZCI6MzYzMzAsInVybCI6Imh0dHBzOlwvXC93d3cua2FyYXJ0bWFyYmxlLmNvbVwvd3AtY29udGVudFwvdXBsb2Fkc1wvMjAyNFwvMDlcL2NhbGFjYXR0YS12aW9sYS1tYXJibGUtNS0yLTIuanBlZyIsInNsaWRlc2hvdyI6ImFsbC1mZWRkOWI3In0%3D\" class=\"e-gallery-image etheme-gallery-image elementor-gallery-item__image\" data-thumbnail=\"https:\/\/www.karartmarble.com\/wp-content\/uploads\/2024\/09\/calacatta-viola-marble-5-2-2.jpeg\" data-width=\"1600\" data-height=\"1200\" alt=\"calacatta Viola Slabs\" style=\"background-image: url(&#039;https:\/\/www.karartmarble.com\/wp-content\/uploads\/2024\/09\/calacatta-viola-marble-5-2-2.jpeg&#039;)\" href=\"https:\/\/www.karartmarble.com\/wp-content\/uploads\/2024\/09\/calacatta-viola-marble-5-2-2.jpeg\"><\/a>\n\t                <span class=\"etheme-gallery-item-details etheme-gallery-item-details-inside\"><span class=\"etheme-gallery-lightbox-icon\">\n            <svg version=\"1.1\" xmlns=\"http:\/\/www.w3.org\/2000\/svg\" width=\"1em\" height=\"1em\" viewBox=\"0 0 24 24\" fill=\"currentColor\">\n                <path d=\"M23.784 22.8l-6.168-6.144c1.584-1.848 2.448-4.176 2.448-6.576 0-5.52-4.488-10.032-10.032-10.032-5.52 0-10.008 4.488-10.008 10.008s4.488 10.032 10.032 10.032c2.424 0 4.728-0.864 6.576-2.472l6.168 6.144c0.144 0.144 0.312 0.216 0.48 0.216s0.336-0.072 0.456-0.192c0.144-0.12 0.216-0.288 0.24-0.48 0-0.192-0.072-0.384-0.192-0.504zM18.696 10.080c0 4.752-3.888 8.64-8.664 8.64-4.752 0-8.64-3.888-8.64-8.664 0-4.752 3.888-8.64 8.664-8.64s8.64 3.888 8.64 8.664z\"><\/path>\n            <\/svg>\n        <\/span><\/span>                <\/div>\n\t            \t                        <\/div>\n\t                <div class=\"e-gallery-item etheme-gallery-item\">\n                <div class=\"etheme-gallery-item-overlay\">\n                    <a data-elementor-open-lightbox=\"yes\" data-elementor-lightbox-slideshow=\"all-fedd9b7\" data-elementor-lightbox-title=\"calacatta-viola-marble-6 2\" data-elementor-lightbox-description=\"calacatta Viola Slabs\" data-e-action-hash=\"#elementor-action%3Aaction%3Dlightbox%26settings%3DeyJpZCI6MzYzMzIsInVybCI6Imh0dHBzOlwvXC93d3cua2FyYXJ0bWFyYmxlLmNvbVwvd3AtY29udGVudFwvdXBsb2Fkc1wvMjAyNFwvMDlcL2NhbGFjYXR0YS12aW9sYS1tYXJibGUtNi0yLTIuanBlZyIsInNsaWRlc2hvdyI6ImFsbC1mZWRkOWI3In0%3D\" class=\"e-gallery-image etheme-gallery-image elementor-gallery-item__image\" data-thumbnail=\"https:\/\/www.karartmarble.com\/wp-content\/uploads\/2024\/09\/calacatta-viola-marble-6-2-2.jpeg\" data-width=\"1600\" data-height=\"1200\" alt=\"calacatta Viola Slabs\" style=\"background-image: url(&#039;https:\/\/www.karartmarble.com\/wp-content\/uploads\/2024\/09\/calacatta-viola-marble-6-2-2.jpeg&#039;)\" href=\"https:\/\/www.karartmarble.com\/wp-content\/uploads\/2024\/09\/calacatta-viola-marble-6-2-2.jpeg\"><\/a>\n\t                <span class=\"etheme-gallery-item-details etheme-gallery-item-details-inside\"><span class=\"etheme-gallery-lightbox-icon\">\n            <svg version=\"1.1\" xmlns=\"http:\/\/www.w3.org\/2000\/svg\" width=\"1em\" height=\"1em\" viewBox=\"0 0 24 24\" fill=\"currentColor\">\n                <path d=\"M23.784 22.8l-6.168-6.144c1.584-1.848 2.448-4.176 2.448-6.576 0-5.52-4.488-10.032-10.032-10.032-5.52 0-10.008 4.488-10.008 10.008s4.488 10.032 10.032 10.032c2.424 0 4.728-0.864 6.576-2.472l6.168 6.144c0.144 0.144 0.312 0.216 0.48 0.216s0.336-0.072 0.456-0.192c0.144-0.12 0.216-0.288 0.24-0.48 0-0.192-0.072-0.384-0.192-0.504zM18.696 10.080c0 4.752-3.888 8.64-8.664 8.64-4.752 0-8.64-3.888-8.64-8.664 0-4.752 3.888-8.64 8.664-8.64s8.64 3.888 8.64 8.664z\"><\/path>\n            <\/svg>\n        <\/span><\/span>                <\/div>\n\t            \t                        <\/div>\n\t                    <\/div>\n                    <\/div>\n        \n        \t\t\t\t<\/div>\n\t\t\t\t<\/div>\n\t\t\t\t\t<\/div>\n\t\t<\/div>\n\t\t\t\t\t<\/div>\n\t\t<\/section>\n\t\t\t\t<section class=\"elementor-section elementor-top-section elementor-element elementor-element-7b33a75 elementor-section-boxed elementor-section-height-default elementor-section-height-default\" data-id=\"7b33a75\" data-element_type=\"section\" data-e-type=\"section\">\n\t\t\t\t\t\t<div class=\"elementor-container elementor-column-gap-default\">\n\t\t\t\t\t<div class=\"elementor-column elementor-col-100 elementor-top-column elementor-element elementor-element-8b4e2c3\" data-id=\"8b4e2c3\" data-element_type=\"column\" data-e-type=\"column\">\n\t\t\t<div class=\"elementor-widget-wrap elementor-element-populated\">\n\t\t\t\t\t\t<div class=\"elementor-element elementor-element-02ddb7e elementor-widget elementor-widget-text-editor\" data-id=\"02ddb7e\" data-element_type=\"widget\" data-e-type=\"widget\" data-widget_type=\"text-editor.default\">\n\t\t\t\t<div class=\"elementor-widget-container\">\n\t\t\t\t\t\t\t\t\t<h2>Calacatta Viola Mermer<\/h2><p>Calacatta Viola Mermeri, beyaz zemin \u00fczerine yo\u011fun mor ve koyu mor damarlar\u0131yla dikkat \u00e7eken e\u015fsiz bir do\u011fal ta\u015ft\u0131r. \u0130talya&#8217;dan \u00e7\u0131kar\u0131lan bu mermer, dramatik damar yap\u0131s\u0131yla bilinir ve nadir olarak g\u00f6r\u00fclen alt\u0131n damarlar, ona ekstra bir l\u00fcks dokunu\u015f katar. T\u00fcrkiye\u2019de &#8220;Violet Mermer&#8221; olarak da bilinen Calacatta Viola, zarafet ve cesur karakteri bir arada arayan tasar\u0131mlar i\u00e7in ideal bir tercihtir.<\/p><ol><li><strong> Calacatta Viola Mermerinin \u00d6zellikleri<\/strong> Calacatta Viola, cesur damar yap\u0131s\u0131 ve \u015f\u0131k g\u00f6r\u00fcn\u00fcm\u00fcyle \u00f6ne \u00e7\u0131kar:<\/li><\/ol><ul><li><strong>Estetik \u00c7ekicilik:<\/strong> Beyaz zemin \u00fczerinde mor ve koyu mor damarlar, g\u00f6z al\u0131c\u0131 bir g\u00f6r\u00fcn\u00fcm sunar. Nadir olarak g\u00f6r\u00fclen alt\u0131n damarlar, mermerin sofistike havas\u0131n\u0131 daha da art\u0131r\u0131r.<\/li><li><strong>Zengin Tasar\u0131m:<\/strong> Mor tonlar\u0131n\u0131n alt\u0131n vurgularla birle\u015fimi, Calacatta Viola\u2019y\u0131 mekanda g\u00fc\u00e7l\u00fc bir odak noktas\u0131 haline getirir, hem modern hem de klasik i\u00e7 mekanlar i\u00e7in m\u00fckemmel bir se\u00e7imdir.<\/li><\/ul><ol start=\"2\"><li><strong> Calacatta Viola Mermerinin Kullan\u0131m Alanlar\u0131<\/strong> Calacatta Viola\u2019n\u0131n cesur damar yap\u0131s\u0131, onu bir\u00e7ok prestijli projede tercih edilen bir mermer haline getirir:<\/li><\/ol><ul><li><strong>Tezgah ve Lavabo \u00dcstleri:<\/strong> Mor ve koyu mor damarlar, mutfak ve banyolara sofistike ve \u015f\u0131k bir g\u00f6r\u00fcn\u00fcm kazand\u0131r\u0131r.<\/li><li><strong>Zemin ve Duvar Kaplama:<\/strong> Calacatta Viola, zemin ve duvarlarda kullan\u0131ld\u0131\u011f\u0131nda mekan\u0131n atmosferini tamamen d\u00f6n\u00fc\u015ft\u00fcr\u00fcr ve l\u00fcks bir dokunu\u015f sa\u011flar.<\/li><li><strong>\u015e\u00f6mineler ve Odak Duvarlar:<\/strong> Dramatik damar yap\u0131s\u0131yla Calacatta Viola, \u015f\u00f6mineler ve odak duvarlarda kullan\u0131ld\u0131\u011f\u0131nda b\u00fcy\u00fcleyici bir etki yarat\u0131r.<\/li><\/ul><ol start=\"3\"><li><strong> K\u00f6ken ve \u00c7e\u015fitler<\/strong> Calacatta Viola, esas olarak \u0130talya\u2019n\u0131n \u00fcnl\u00fc ocaklar\u0131ndan \u00e7\u0131kar\u0131lmaktad\u0131r. Ancak T\u00fcrkiye\u2019de de &#8220;Violet Mermer&#8221; ad\u0131yla bilinen baz\u0131 se\u00e7kin \u00e7e\u015fitleri bulunmaktad\u0131r. Mor ve koyu mor damarlar mermerin ana karakterini olu\u015ftururken, nadiren g\u00f6r\u00fclen alt\u0131n damarlar ta\u015f\u0131n l\u00fcks g\u00f6r\u00fcn\u00fcm\u00fcn\u00fc daha da vurgular.<\/li><li><strong> Bak\u0131m ve Temizlik<\/strong> Calacatta Viola Mermeri\u2019nin g\u00fczelli\u011fini korumak i\u00e7in dikkat edilmesi gereken birka\u00e7 bak\u0131m \u00f6nerisi:<\/li><\/ol><ul><li><strong>D\u00fczenli Koruma:<\/strong> Mermer y\u00fczeyini d\u00fczenli olarak kapatmak, ta\u015f\u0131n rengini ve parlakl\u0131\u011f\u0131n\u0131 korumak i\u00e7in \u00f6nemlidir.<\/li><li><strong>Nazik Temizlik:<\/strong> pH n\u00f6tr temizleyiciler kullanarak mermer y\u00fczeyini zarar vermeden temizleyin. Sert kimyasallardan ve a\u015f\u0131nd\u0131r\u0131c\u0131 malzemelerden ka\u00e7\u0131n\u0131lmal\u0131d\u0131r.<\/li><li><strong>\u00c7iziklerden Koruma:<\/strong> Dramatik damarlar\u0131n ge\u00e7ti\u011fi alanlar\u0131 \u00e7izilmelere kar\u015f\u0131 korumak i\u00e7in dikkatli kullan\u0131m \u00f6nerilir.<\/li><\/ul>\t\t\t\t\t\t\t\t<\/div>\n\t\t\t\t<\/div>\n\t\t\t\t\t<\/div>\n\t\t<\/div>\n\t\t\t\t\t<\/div>\n\t\t<\/section>\n\t\t\t\t<\/div>\n\t\t","protected":false},"excerpt":{"rendered":"[table id=250 \/]\n","protected":false},"featured_media":36286,"comment_status":"open","ping_status":"closed","template":"","meta":{"inline_featured_image":false},"etheme_brands":[],"product_brand":[],"product_cat":[397,404],"product_tag":[],"class_list":{"0":"post-36073","1":"product","2":"type-product","3":"status-publish","4":"has-post-thumbnail","6":"product_cat-fayanslar","7":"product_cat-tum-urunler","9":"first","10":"outofstock","11":"shipping-taxable","12":"purchasable","13":"product-type-variable"},"_links":{"self":[{"href":"https:\/\/www.karartmarble.com\/tr\/wp-json\/wp\/v2\/product\/36073","targetHints":{"allow":["GET"]}}],"collection":[{"href":"https:\/\/www.karartmarble.com\/tr\/wp-json\/wp\/v2\/product"}],"about":[{"href":"https:\/\/www.karartmarble.com\/tr\/wp-json\/wp\/v2\/types\/product"}],"replies":[{"embeddable":true,"href":"https:\/\/www.karartmarble.com\/tr\/wp-json\/wp\/v2\/comments?post=36073"}],"version-history":[{"count":0,"href":"https:\/\/www.karartmarble.com\/tr\/wp-json\/wp\/v2\/product\/36073\/revisions"}],"wp:featuredmedia":[{"embeddable":true,"href":"https:\/\/www.karartmarble.com\/tr\/wp-json\/wp\/v2\/media\/36286"}],"wp:attachment":[{"href":"https:\/\/www.karartmarble.com\/tr\/wp-json\/wp\/v2\/media?parent=36073"}],"wp:term":[{"taxonomy":"brand","embeddable":true,"href":"https:\/\/www.karartmarble.com\/tr\/wp-json\/wp\/v2\/etheme_brands?post=36073"},{"taxonomy":"product_brand","embeddable":true,"href":"https:\/\/www.karartmarble.com\/tr\/wp-json\/wp\/v2\/product_brand?post=36073"},{"taxonomy":"product_cat","embeddable":true,"href":"https:\/\/www.karartmarble.com\/tr\/wp-json\/wp\/v2\/product_cat?post=36073"},{"taxonomy":"product_tag","embeddable":true,"href":"https:\/\/www.karartmarble.com\/tr\/wp-json\/wp\/v2\/product_tag?post=36073"}],"curies":[{"name":"wp","href":"https:\/\/api.w.org\/{rel}","templated":true}]}}