{"id":36476,"date":"2024-10-10T16:27:36","date_gmt":"2024-10-10T13:27:36","guid":{"rendered":"https:\/\/karartmarble.com\/?post_type=product&#038;p=36476"},"modified":"2024-10-10T22:57:21","modified_gmt":"2024-10-10T19:57:21","slug":"calacatta-viola-mermer-plakalar","status":"publish","type":"product","link":"https:\/\/www.karartmarble.com\/tr\/urun\/calacatta-viola-mermer-plakalar\/","title":{"rendered":"Calacatta Viola Mermer Plakalar<br><span class=\"ata_title\">T\u00fcm Y\u00fczeyler<\/span>"},"content":{"rendered":"\t\t<div data-elementor-type=\"wp-post\" data-elementor-id=\"36476\" class=\"elementor elementor-36476 elementor-36396\" data-elementor-post-type=\"product\">\n\t\t\t\t\t\t<section class=\"elementor-section elementor-top-section elementor-element elementor-element-0d75d4a elementor-section-boxed elementor-section-height-default elementor-section-height-default\" data-id=\"0d75d4a\" data-element_type=\"section\" data-e-type=\"section\">\n\t\t\t\t\t\t<div class=\"elementor-container elementor-column-gap-default\">\n\t\t\t\t\t<div class=\"elementor-column elementor-col-100 elementor-top-column elementor-element elementor-element-439709d\" data-id=\"439709d\" data-element_type=\"column\" data-e-type=\"column\">\n\t\t\t<div class=\"elementor-widget-wrap elementor-element-populated\">\n\t\t\t\t\t\t<div class=\"elementor-element elementor-element-fedd9b7 elementor-widget elementor-widget-etheme_gallery\" data-id=\"fedd9b7\" data-element_type=\"widget\" data-e-type=\"widget\" data-settings=\"{&quot;type&quot;:&quot;grid&quot;,&quot;columns&quot;:{&quot;unit&quot;:&quot;px&quot;,&quot;size&quot;:3,&quot;sizes&quot;:[]},&quot;columns_tablet&quot;:{&quot;unit&quot;:&quot;px&quot;,&quot;size&quot;:3,&quot;sizes&quot;:[]},&quot;columns_mobile&quot;:{&quot;unit&quot;:&quot;px&quot;,&quot;size&quot;:2,&quot;sizes&quot;:[]},&quot;columns_gap&quot;:{&quot;unit&quot;:&quot;px&quot;,&quot;size&quot;:10,&quot;sizes&quot;:[]},&quot;columns_gap_tablet&quot;:{&quot;unit&quot;:&quot;px&quot;,&quot;size&quot;:&quot;&quot;,&quot;sizes&quot;:[]},&quot;columns_gap_mobile&quot;:{&quot;unit&quot;:&quot;px&quot;,&quot;size&quot;:&quot;&quot;,&quot;sizes&quot;:[]},&quot;rows_gap&quot;:{&quot;unit&quot;:&quot;px&quot;,&quot;size&quot;:10,&quot;sizes&quot;:[]},&quot;rows_gap_tablet&quot;:{&quot;unit&quot;:&quot;px&quot;,&quot;size&quot;:&quot;&quot;,&quot;sizes&quot;:[]},&quot;rows_gap_mobile&quot;:{&quot;unit&quot;:&quot;px&quot;,&quot;size&quot;:&quot;&quot;,&quot;sizes&quot;:[]}}\" data-widget_type=\"etheme_gallery.default\">\n\t\t\t\t<div class=\"elementor-widget-container\">\n\t\t\t\t\t        \n        <div class=\"etheme-gallery-wrapper\">\n            \t            \n\t            <div class=\"e-gallery etheme-gallery active\" id=\"etheme-gallery-3830\" data-item-settings=\"{&quot;type&quot;:&quot;grid&quot;}\" data-uniq-id=\"3830\">\n                                <div class=\"e-gallery-item etheme-gallery-item\">\n                <div class=\"etheme-gallery-item-overlay\">\n                    <a data-elementor-open-lightbox=\"yes\" data-elementor-lightbox-slideshow=\"all-fedd9b7\" data-elementor-lightbox-title=\"Calacatta-Viola-Marble-Slab-5\" data-e-action-hash=\"#elementor-action%3Aaction%3Dlightbox%26settings%3DeyJpZCI6MzY4ODAsInVybCI6Imh0dHBzOlwvXC93d3cua2FyYXJ0bWFyYmxlLmNvbVwvd3AtY29udGVudFwvdXBsb2Fkc1wvMjAyNFwvMTBcL0NhbGFjYXR0YS1WaW9sYS1NYXJibGUtU2xhYi01LmpwZyIsInNsaWRlc2hvdyI6ImFsbC1mZWRkOWI3In0%3D\" class=\"e-gallery-image etheme-gallery-image elementor-gallery-item__image\" data-thumbnail=\"https:\/\/www.karartmarble.com\/wp-content\/uploads\/2024\/10\/Calacatta-Viola-Marble-Slab-5.jpg\" data-width=\"3024\" data-height=\"4032\" alt=\"Calacatta Viola marble slabs\" style=\"background-image: url(&#039;https:\/\/www.karartmarble.com\/wp-content\/uploads\/2024\/10\/Calacatta-Viola-Marble-Slab-5.jpg&#039;)\" href=\"https:\/\/www.karartmarble.com\/wp-content\/uploads\/2024\/10\/Calacatta-Viola-Marble-Slab-5.jpg\"><\/a>\n\t                <span class=\"etheme-gallery-item-details etheme-gallery-item-details-inside\"><span class=\"etheme-gallery-lightbox-icon\">\n            <svg version=\"1.1\" xmlns=\"http:\/\/www.w3.org\/2000\/svg\" width=\"1em\" height=\"1em\" viewBox=\"0 0 24 24\" fill=\"currentColor\">\n                <path d=\"M23.784 22.8l-6.168-6.144c1.584-1.848 2.448-4.176 2.448-6.576 0-5.52-4.488-10.032-10.032-10.032-5.52 0-10.008 4.488-10.008 10.008s4.488 10.032 10.032 10.032c2.424 0 4.728-0.864 6.576-2.472l6.168 6.144c0.144 0.144 0.312 0.216 0.48 0.216s0.336-0.072 0.456-0.192c0.144-0.12 0.216-0.288 0.24-0.48 0-0.192-0.072-0.384-0.192-0.504zM18.696 10.080c0 4.752-3.888 8.64-8.664 8.64-4.752 0-8.64-3.888-8.64-8.664 0-4.752 3.888-8.64 8.664-8.64s8.64 3.888 8.64 8.664z\"><\/path>\n            <\/svg>\n        <\/span><\/span>                <\/div>\n\t            \t                        <\/div>\n\t                <div class=\"e-gallery-item etheme-gallery-item\">\n                <div class=\"etheme-gallery-item-overlay\">\n                    <a data-elementor-open-lightbox=\"yes\" data-elementor-lightbox-slideshow=\"all-fedd9b7\" data-elementor-lightbox-title=\"Calacatta-Viola-Marble-Slab-3\" data-e-action-hash=\"#elementor-action%3Aaction%3Dlightbox%26settings%3DeyJpZCI6MzY4NzYsInVybCI6Imh0dHBzOlwvXC93d3cua2FyYXJ0bWFyYmxlLmNvbVwvd3AtY29udGVudFwvdXBsb2Fkc1wvMjAyNFwvMTBcL0NhbGFjYXR0YS1WaW9sYS1NYXJibGUtU2xhYi0zLTEuanBnIiwic2xpZGVzaG93IjoiYWxsLWZlZGQ5YjcifQ%3D%3D\" class=\"e-gallery-image etheme-gallery-image elementor-gallery-item__image\" data-thumbnail=\"https:\/\/www.karartmarble.com\/wp-content\/uploads\/2024\/10\/Calacatta-Viola-Marble-Slab-3-1.jpg\" data-width=\"4032\" data-height=\"2688\" alt=\"Calacatta Viola marble slabs\" style=\"background-image: url(&#039;https:\/\/www.karartmarble.com\/wp-content\/uploads\/2024\/10\/Calacatta-Viola-Marble-Slab-3-1.jpg&#039;)\" href=\"https:\/\/www.karartmarble.com\/wp-content\/uploads\/2024\/10\/Calacatta-Viola-Marble-Slab-3-1.jpg\"><\/a>\n\t                <span class=\"etheme-gallery-item-details etheme-gallery-item-details-inside\"><span class=\"etheme-gallery-lightbox-icon\">\n            <svg version=\"1.1\" xmlns=\"http:\/\/www.w3.org\/2000\/svg\" width=\"1em\" height=\"1em\" viewBox=\"0 0 24 24\" fill=\"currentColor\">\n                <path d=\"M23.784 22.8l-6.168-6.144c1.584-1.848 2.448-4.176 2.448-6.576 0-5.52-4.488-10.032-10.032-10.032-5.52 0-10.008 4.488-10.008 10.008s4.488 10.032 10.032 10.032c2.424 0 4.728-0.864 6.576-2.472l6.168 6.144c0.144 0.144 0.312 0.216 0.48 0.216s0.336-0.072 0.456-0.192c0.144-0.12 0.216-0.288 0.24-0.48 0-0.192-0.072-0.384-0.192-0.504zM18.696 10.080c0 4.752-3.888 8.64-8.664 8.64-4.752 0-8.64-3.888-8.64-8.664 0-4.752 3.888-8.64 8.664-8.64s8.64 3.888 8.64 8.664z\"><\/path>\n            <\/svg>\n        <\/span><\/span>                <\/div>\n\t            \t                        <\/div>\n\t                <div class=\"e-gallery-item etheme-gallery-item\">\n                <div class=\"etheme-gallery-item-overlay\">\n                    <a data-elementor-open-lightbox=\"yes\" data-elementor-lightbox-slideshow=\"all-fedd9b7\" data-elementor-lightbox-title=\"Calacatta-Viola-Marble-Slab-2\" data-e-action-hash=\"#elementor-action%3Aaction%3Dlightbox%26settings%3DeyJpZCI6MzY4NzQsInVybCI6Imh0dHBzOlwvXC93d3cua2FyYXJ0bWFyYmxlLmNvbVwvd3AtY29udGVudFwvdXBsb2Fkc1wvMjAyNFwvMTBcL0NhbGFjYXR0YS1WaW9sYS1NYXJibGUtU2xhYi0yLWUxNzI4NTg5OTA5NDE0LmpwZWciLCJzbGlkZXNob3ciOiJhbGwtZmVkZDliNyJ9\" class=\"e-gallery-image etheme-gallery-image elementor-gallery-item__image\" data-thumbnail=\"https:\/\/www.karartmarble.com\/wp-content\/uploads\/2024\/10\/Calacatta-Viola-Marble-Slab-2-e1728589909414.jpeg\" data-width=\"924\" data-height=\"2000\" alt=\"Calacatta Viola marble slabs\" style=\"background-image: url(&#039;https:\/\/www.karartmarble.com\/wp-content\/uploads\/2024\/10\/Calacatta-Viola-Marble-Slab-2-e1728589909414.jpeg&#039;)\" href=\"https:\/\/www.karartmarble.com\/wp-content\/uploads\/2024\/10\/Calacatta-Viola-Marble-Slab-2-e1728589909414.jpeg\"><\/a>\n\t                <span class=\"etheme-gallery-item-details etheme-gallery-item-details-inside\"><span class=\"etheme-gallery-lightbox-icon\">\n            <svg version=\"1.1\" xmlns=\"http:\/\/www.w3.org\/2000\/svg\" width=\"1em\" height=\"1em\" viewBox=\"0 0 24 24\" fill=\"currentColor\">\n                <path d=\"M23.784 22.8l-6.168-6.144c1.584-1.848 2.448-4.176 2.448-6.576 0-5.52-4.488-10.032-10.032-10.032-5.52 0-10.008 4.488-10.008 10.008s4.488 10.032 10.032 10.032c2.424 0 4.728-0.864 6.576-2.472l6.168 6.144c0.144 0.144 0.312 0.216 0.48 0.216s0.336-0.072 0.456-0.192c0.144-0.12 0.216-0.288 0.24-0.48 0-0.192-0.072-0.384-0.192-0.504zM18.696 10.080c0 4.752-3.888 8.64-8.664 8.64-4.752 0-8.64-3.888-8.64-8.664 0-4.752 3.888-8.64 8.664-8.64s8.64 3.888 8.64 8.664z\"><\/path>\n            <\/svg>\n        <\/span><\/span>                <\/div>\n\t            \t                        <\/div>\n\t                <div class=\"e-gallery-item etheme-gallery-item\">\n                <div class=\"etheme-gallery-item-overlay\">\n                    <a data-elementor-open-lightbox=\"yes\" data-elementor-lightbox-slideshow=\"all-fedd9b7\" data-elementor-lightbox-title=\"calacatta-viola-marble-5 2\" data-elementor-lightbox-description=\"calacatta Viola Slabs\" data-e-action-hash=\"#elementor-action%3Aaction%3Dlightbox%26settings%3DeyJpZCI6MzYzMzEsInVybCI6Imh0dHBzOlwvXC93d3cua2FyYXJ0bWFyYmxlLmNvbVwvd3AtY29udGVudFwvdXBsb2Fkc1wvMjAyNFwvMDlcL2NhbGFjYXR0YS12aW9sYS1tYXJibGUtNS0yLTIuanBlZyIsInNsaWRlc2hvdyI6ImFsbC1mZWRkOWI3In0%3D\" class=\"e-gallery-image etheme-gallery-image elementor-gallery-item__image\" data-thumbnail=\"https:\/\/www.karartmarble.com\/wp-content\/uploads\/2024\/09\/calacatta-viola-marble-5-2-2.jpeg\" data-width=\"1600\" data-height=\"1200\" alt=\"calacatta Viola Slabs\" style=\"background-image: url(&#039;https:\/\/www.karartmarble.com\/wp-content\/uploads\/2024\/09\/calacatta-viola-marble-5-2-2.jpeg&#039;)\" href=\"https:\/\/www.karartmarble.com\/wp-content\/uploads\/2024\/09\/calacatta-viola-marble-5-2-2.jpeg\"><\/a>\n\t                <span class=\"etheme-gallery-item-details etheme-gallery-item-details-inside\"><span class=\"etheme-gallery-lightbox-icon\">\n            <svg version=\"1.1\" xmlns=\"http:\/\/www.w3.org\/2000\/svg\" width=\"1em\" height=\"1em\" viewBox=\"0 0 24 24\" fill=\"currentColor\">\n                <path d=\"M23.784 22.8l-6.168-6.144c1.584-1.848 2.448-4.176 2.448-6.576 0-5.52-4.488-10.032-10.032-10.032-5.52 0-10.008 4.488-10.008 10.008s4.488 10.032 10.032 10.032c2.424 0 4.728-0.864 6.576-2.472l6.168 6.144c0.144 0.144 0.312 0.216 0.48 0.216s0.336-0.072 0.456-0.192c0.144-0.12 0.216-0.288 0.24-0.48 0-0.192-0.072-0.384-0.192-0.504zM18.696 10.080c0 4.752-3.888 8.64-8.664 8.64-4.752 0-8.64-3.888-8.64-8.664 0-4.752 3.888-8.64 8.664-8.64s8.64 3.888 8.64 8.664z\"><\/path>\n            <\/svg>\n        <\/span><\/span>                <\/div>\n\t            \t                        <\/div>\n\t                <div class=\"e-gallery-item etheme-gallery-item\">\n                <div class=\"etheme-gallery-item-overlay\">\n                    <a data-elementor-open-lightbox=\"yes\" data-elementor-lightbox-slideshow=\"all-fedd9b7\" data-elementor-lightbox-title=\"calacatta-viola-marble-4 2\" data-elementor-lightbox-description=\"calacatta Viola Slabs\" data-e-action-hash=\"#elementor-action%3Aaction%3Dlightbox%26settings%3DeyJpZCI6MzYzMjksInVybCI6Imh0dHBzOlwvXC93d3cua2FyYXJ0bWFyYmxlLmNvbVwvd3AtY29udGVudFwvdXBsb2Fkc1wvMjAyNFwvMDlcL2NhbGFjYXR0YS12aW9sYS1tYXJibGUtNC0yLTIuanBlZyIsInNsaWRlc2hvdyI6ImFsbC1mZWRkOWI3In0%3D\" class=\"e-gallery-image etheme-gallery-image elementor-gallery-item__image\" data-thumbnail=\"https:\/\/www.karartmarble.com\/wp-content\/uploads\/2024\/09\/calacatta-viola-marble-4-2-2.jpeg\" data-width=\"1600\" data-height=\"1200\" alt=\"calacatta Viola slabs\" style=\"background-image: url(&#039;https:\/\/www.karartmarble.com\/wp-content\/uploads\/2024\/09\/calacatta-viola-marble-4-2-2.jpeg&#039;)\" href=\"https:\/\/www.karartmarble.com\/wp-content\/uploads\/2024\/09\/calacatta-viola-marble-4-2-2.jpeg\"><\/a>\n\t                <span class=\"etheme-gallery-item-details etheme-gallery-item-details-inside\"><span class=\"etheme-gallery-lightbox-icon\">\n            <svg version=\"1.1\" xmlns=\"http:\/\/www.w3.org\/2000\/svg\" width=\"1em\" height=\"1em\" viewBox=\"0 0 24 24\" fill=\"currentColor\">\n                <path d=\"M23.784 22.8l-6.168-6.144c1.584-1.848 2.448-4.176 2.448-6.576 0-5.52-4.488-10.032-10.032-10.032-5.52 0-10.008 4.488-10.008 10.008s4.488 10.032 10.032 10.032c2.424 0 4.728-0.864 6.576-2.472l6.168 6.144c0.144 0.144 0.312 0.216 0.48 0.216s0.336-0.072 0.456-0.192c0.144-0.12 0.216-0.288 0.24-0.48 0-0.192-0.072-0.384-0.192-0.504zM18.696 10.080c0 4.752-3.888 8.64-8.664 8.64-4.752 0-8.64-3.888-8.64-8.664 0-4.752 3.888-8.64 8.664-8.64s8.64 3.888 8.64 8.664z\"><\/path>\n            <\/svg>\n        <\/span><\/span>                <\/div>\n\t            \t                        <\/div>\n\t                <div class=\"e-gallery-item etheme-gallery-item\">\n                <div class=\"etheme-gallery-item-overlay\">\n                    <a data-elementor-open-lightbox=\"yes\" data-elementor-lightbox-slideshow=\"all-fedd9b7\" data-elementor-lightbox-title=\"calacatta-viola-marble-2\" data-elementor-lightbox-description=\"calacatta Viola Slabs\" data-e-action-hash=\"#elementor-action%3Aaction%3Dlightbox%26settings%3DeyJpZCI6MzYzMjUsInVybCI6Imh0dHBzOlwvXC93d3cua2FyYXJ0bWFyYmxlLmNvbVwvd3AtY29udGVudFwvdXBsb2Fkc1wvMjAyNFwvMDlcL2NhbGFjYXR0YS12aW9sYS1tYXJibGUtMi0yLmpwZWciLCJzbGlkZXNob3ciOiJhbGwtZmVkZDliNyJ9\" class=\"e-gallery-image etheme-gallery-image elementor-gallery-item__image\" data-thumbnail=\"https:\/\/www.karartmarble.com\/wp-content\/uploads\/2024\/09\/calacatta-viola-marble-2-2.jpeg\" data-width=\"1804\" data-height=\"1145\" alt=\"calacatta Viola tiles\" style=\"background-image: url(&#039;https:\/\/www.karartmarble.com\/wp-content\/uploads\/2024\/09\/calacatta-viola-marble-2-2.jpeg&#039;)\" href=\"https:\/\/www.karartmarble.com\/wp-content\/uploads\/2024\/09\/calacatta-viola-marble-2-2.jpeg\"><\/a>\n\t                <span class=\"etheme-gallery-item-details etheme-gallery-item-details-inside\"><span class=\"etheme-gallery-lightbox-icon\">\n            <svg version=\"1.1\" xmlns=\"http:\/\/www.w3.org\/2000\/svg\" width=\"1em\" height=\"1em\" viewBox=\"0 0 24 24\" fill=\"currentColor\">\n                <path d=\"M23.784 22.8l-6.168-6.144c1.584-1.848 2.448-4.176 2.448-6.576 0-5.52-4.488-10.032-10.032-10.032-5.52 0-10.008 4.488-10.008 10.008s4.488 10.032 10.032 10.032c2.424 0 4.728-0.864 6.576-2.472l6.168 6.144c0.144 0.144 0.312 0.216 0.48 0.216s0.336-0.072 0.456-0.192c0.144-0.12 0.216-0.288 0.24-0.48 0-0.192-0.072-0.384-0.192-0.504zM18.696 10.080c0 4.752-3.888 8.64-8.664 8.64-4.752 0-8.64-3.888-8.64-8.664 0-4.752 3.888-8.64 8.664-8.64s8.64 3.888 8.64 8.664z\"><\/path>\n            <\/svg>\n        <\/span><\/span>                <\/div>\n\t            \t                        <\/div>\n\t                    <\/div>\n                    <\/div>\n        \n        \t\t\t\t<\/div>\n\t\t\t\t<\/div>\n\t\t\t\t\t<\/div>\n\t\t<\/div>\n\t\t\t\t\t<\/div>\n\t\t<\/section>\n\t\t\t\t<section class=\"elementor-section elementor-top-section elementor-element elementor-element-7b33a75 elementor-section-boxed elementor-section-height-default elementor-section-height-default\" data-id=\"7b33a75\" data-element_type=\"section\" data-e-type=\"section\">\n\t\t\t\t\t\t<div class=\"elementor-container elementor-column-gap-default\">\n\t\t\t\t\t<div class=\"elementor-column elementor-col-100 elementor-top-column elementor-element elementor-element-8b4e2c3\" data-id=\"8b4e2c3\" data-element_type=\"column\" data-e-type=\"column\">\n\t\t\t<div class=\"elementor-widget-wrap elementor-element-populated\">\n\t\t\t\t\t\t<div class=\"elementor-element elementor-element-02ddb7e elementor-widget elementor-widget-text-editor\" data-id=\"02ddb7e\" data-element_type=\"widget\" data-e-type=\"widget\" data-widget_type=\"text-editor.default\">\n\t\t\t\t<div class=\"elementor-widget-container\">\n\t\t\t\t\t\t\t\t\t<p><strong>Calacatta Viola Mermer Plakalar<\/strong><\/p><p>Calacatta Viola Mermer Plakalar, projelerinde l\u00fcks ve cesur bir karakter arayanlar i\u00e7in benzersiz bir tercihtir. Beyaz bir zemin \u00fczerinde belirgin mor ve koyu mor damarlar\u0131yla bilinen bu mermer plakalar, zamans\u0131z bir zarafet ve dramatik bir g\u00f6r\u00fcn\u00fcm sunar. \u0130talya k\u00f6kenli olan ve T\u00fcrkiye\u2019de <strong>\u201cViolet Mermer\u201d<\/strong> olarak da bilinen Calacatta Viola, canl\u0131 desenleri ve nadir bulunan alt\u0131n rengi damarlar\u0131yla dikkat \u00e7eker, bu da ta\u015f\u0131n sofistikeli\u011fine ekstra bir katman ekler.<\/p><p><strong>Calacatta Viola Mermer Plakalar\u0131n\u0131n Ay\u0131rt Edici \u00d6zellikleri<\/strong><\/p><p><strong>Belirgin Damarlar:<\/strong> Calacatta Viola Mermeri, beyaz y\u00fczeyi boyunca uzanan zengin ve dikkat \u00e7ekici mor damarlar\u0131yla tan\u0131n\u0131r. Her plaka benzersizdir ve baz\u0131lar\u0131 nadir alt\u0131n damarlarla s\u00fcslenmi\u015ftir, bu da ta\u015f\u0131n l\u00fcks g\u00f6r\u00fcn\u00fcm\u00fcn\u00fc art\u0131r\u0131r.<\/p><p><strong>Dramatik Estetik:<\/strong> Beyaz zemin ile belirgin damarlar aras\u0131ndaki keskin kontrast, malzemenin kendisinin projelerde odak noktas\u0131 olmas\u0131n\u0131 sa\u011flar. Nadir g\u00f6r\u00fclen alt\u0131n dokunu\u015flar, bu mermeri l\u00fcks i\u00e7 mekanlar i\u00e7in m\u00fckemmel hale getirir.<\/p><p><strong>Calacatta Viola Mermer Plakalar\u0131n\u0131n Pop\u00fcler Uygulamalar\u0131<\/strong><\/p><p>Calacatta Viola Mermer Plakalar, dramatik damarlar\u0131 ve zengin esteti\u011fi sayesinde bir\u00e7ok \u00fcst d\u00fczey uygulama i\u00e7in m\u00fckemmeldir:<\/p><ul><li><strong>Tezgahlar ve Lavabo \u00dcstleri:<\/strong> Mor damarlar\u0131yla mutfak ve banyolarda l\u00fcks bir dokunu\u015f sa\u011flayarak bu alanlar\u0131 zarif mekanlara d\u00f6n\u00fc\u015ft\u00fcr\u00fcr.<\/li><li><strong>Duvar Kaplamalar\u0131 ve Zeminler:<\/strong> Zeminlerde veya duvarlarda kullan\u0131ld\u0131\u011f\u0131nda, Calacatta Viola Mermeri, sanat eseri gibi bir g\u00f6r\u00fcn\u00fcm kazand\u0131rarak mekanlara ihti\u015fam katar.<\/li><li><strong>\u015e\u00f6mineler ve Vurgu Duvarlar\u0131:<\/strong> Bu mermerin dramatik desenleri, \u015f\u00f6mineler veya vurgu duvarlar\u0131 i\u00e7in m\u00fckemmel bir se\u00e7im olup, bu alanlar\u0131 g\u00f6z al\u0131c\u0131 odak noktalar\u0131na d\u00f6n\u00fc\u015ft\u00fcr\u00fcr.<\/li><\/ul><p><strong>B\u00fcy\u00fck \u00d6l\u00e7ekli Uygulamalar \u0130\u00e7in \u0130deal<\/strong><\/p><p>Calacatta Viola Mermer Plakalar\u0131n\u0131 se\u00e7menin en b\u00fcy\u00fck avantajlar\u0131ndan biri, bu muhte\u015fem ta\u015f\u0131n b\u00fcy\u00fck ve kesintisiz b\u00f6l\u00fcmlerini kullanabilme olana\u011f\u0131d\u0131r. Otel lobileri, a\u00e7\u0131k mutfaklar veya l\u00fcks ma\u011faza alanlar\u0131 gibi geni\u015f projeler i\u00e7in, damarlar\u0131n b\u00fcy\u00fck bir plaka boyunca kesintisiz ak\u0131\u015f\u0131, nefes kesici ve b\u00fct\u00fcnsel bir g\u00f6r\u00fcn\u00fcm yarat\u0131r.<\/p><p><strong>Calacatta Viola Mermerin K\u00f6keni ve \u00c7e\u015fitleri<\/strong><\/p><p>Calacatta Viola, esas olarak \u0130talya\u2019dan temin edilirken, T\u00fcrkiye\u2019den de <strong>Violet Mermer<\/strong> ad\u0131yla bilinen varyasyonlar mevcuttur. Bu se\u00e7enekler, Calacatta Viola\u2019y\u0131 \u00fcnl\u00fc yapan derin mor ve koyu mor damarlar\u0131 korur ve nadiren alt\u0131n damarlar da bulunabilir, bu da ta\u015f\u0131n l\u00fcks hissini art\u0131r\u0131r. Her plaka, damar desenlerinde benzersiz bir varyasyon sunar, bu da projelerinizin benzersiz olmas\u0131n\u0131 sa\u011flar.<\/p><p>\u00a0<\/p>\t\t\t\t\t\t\t\t<\/div>\n\t\t\t\t<\/div>\n\t\t\t\t\t<\/div>\n\t\t<\/div>\n\t\t\t\t\t<\/div>\n\t\t<\/section>\n\t\t\t\t<\/div>\n\t\t","protected":false},"excerpt":{"rendered":"[table id=250 \/]\n","protected":false},"featured_media":36329,"comment_status":"open","ping_status":"closed","template":"","meta":{"inline_featured_image":false},"etheme_brands":[],"product_brand":[],"product_cat":[402,404],"product_tag":[],"class_list":{"0":"post-36476","1":"product","2":"type-product","3":"status-publish","4":"has-post-thumbnail","6":"product_cat-plakalar","7":"product_cat-tum-urunler","9":"first","10":"outofstock","11":"shipping-taxable","12":"purchasable","13":"product-type-variable"},"_links":{"self":[{"href":"https:\/\/www.karartmarble.com\/tr\/wp-json\/wp\/v2\/product\/36476","targetHints":{"allow":["GET"]}}],"collection":[{"href":"https:\/\/www.karartmarble.com\/tr\/wp-json\/wp\/v2\/product"}],"about":[{"href":"https:\/\/www.karartmarble.com\/tr\/wp-json\/wp\/v2\/types\/product"}],"replies":[{"embeddable":true,"href":"https:\/\/www.karartmarble.com\/tr\/wp-json\/wp\/v2\/comments?post=36476"}],"version-history":[{"count":11,"href":"https:\/\/www.karartmarble.com\/tr\/wp-json\/wp\/v2\/product\/36476\/revisions"}],"predecessor-version":[{"id":36969,"href":"https:\/\/www.karartmarble.com\/tr\/wp-json\/wp\/v2\/product\/36476\/revisions\/36969"}],"wp:featuredmedia":[{"embeddable":true,"href":"https:\/\/www.karartmarble.com\/tr\/wp-json\/wp\/v2\/media\/36329"}],"wp:attachment":[{"href":"https:\/\/www.karartmarble.com\/tr\/wp-json\/wp\/v2\/media?parent=36476"}],"wp:term":[{"taxonomy":"brand","embeddable":true,"href":"https:\/\/www.karartmarble.com\/tr\/wp-json\/wp\/v2\/etheme_brands?post=36476"},{"taxonomy":"product_brand","embeddable":true,"href":"https:\/\/www.karartmarble.com\/tr\/wp-json\/wp\/v2\/product_brand?post=36476"},{"taxonomy":"product_cat","embeddable":true,"href":"https:\/\/www.karartmarble.com\/tr\/wp-json\/wp\/v2\/product_cat?post=36476"},{"taxonomy":"product_tag","embeddable":true,"href":"https:\/\/www.karartmarble.com\/tr\/wp-json\/wp\/v2\/product_tag?post=36476"}],"curies":[{"name":"wp","href":"https:\/\/api.w.org\/{rel}","templated":true}]}}