{"id":38548,"date":"2025-07-16T18:23:24","date_gmt":"2025-07-16T15:23:24","guid":{"rendered":"https:\/\/karartmarble.com\/?post_type=product&#038;p=38548"},"modified":"2025-07-16T20:17:49","modified_gmt":"2025-07-16T17:17:49","slug":"afyon-menekse-mermer-plaka","status":"publish","type":"product","link":"https:\/\/www.karartmarble.com\/tr\/urun\/afyon-menekse-mermer-plaka\/","title":{"rendered":"Afyon Menek\u015fe Mermer Plaka<br><span class=\"ata_title\"> T\u00fcm Y\u00fczeyler<\/span>"},"content":{"rendered":"\t\t<div data-elementor-type=\"wp-post\" data-elementor-id=\"38548\" class=\"elementor elementor-38548 elementor-38475\" data-elementor-post-type=\"product\">\n\t\t\t\t\t\t<section class=\"elementor-section elementor-top-section elementor-element elementor-element-0d75d4a elementor-section-boxed elementor-section-height-default elementor-section-height-default\" data-id=\"0d75d4a\" data-element_type=\"section\" data-e-type=\"section\">\n\t\t\t\t\t\t<div class=\"elementor-container elementor-column-gap-default\">\n\t\t\t\t\t<div class=\"elementor-column elementor-col-100 elementor-top-column elementor-element elementor-element-439709d\" data-id=\"439709d\" data-element_type=\"column\" data-e-type=\"column\">\n\t\t\t<div class=\"elementor-widget-wrap elementor-element-populated\">\n\t\t\t\t\t\t<div class=\"elementor-element elementor-element-fedd9b7 elementor-widget elementor-widget-etheme_gallery\" data-id=\"fedd9b7\" data-element_type=\"widget\" data-e-type=\"widget\" data-settings=\"{&quot;type&quot;:&quot;grid&quot;,&quot;columns&quot;:{&quot;unit&quot;:&quot;px&quot;,&quot;size&quot;:3,&quot;sizes&quot;:[]},&quot;columns_tablet&quot;:{&quot;unit&quot;:&quot;px&quot;,&quot;size&quot;:3,&quot;sizes&quot;:[]},&quot;columns_mobile&quot;:{&quot;unit&quot;:&quot;px&quot;,&quot;size&quot;:2,&quot;sizes&quot;:[]},&quot;columns_gap&quot;:{&quot;unit&quot;:&quot;px&quot;,&quot;size&quot;:10,&quot;sizes&quot;:[]},&quot;columns_gap_tablet&quot;:{&quot;unit&quot;:&quot;px&quot;,&quot;size&quot;:&quot;&quot;,&quot;sizes&quot;:[]},&quot;columns_gap_mobile&quot;:{&quot;unit&quot;:&quot;px&quot;,&quot;size&quot;:&quot;&quot;,&quot;sizes&quot;:[]},&quot;rows_gap&quot;:{&quot;unit&quot;:&quot;px&quot;,&quot;size&quot;:10,&quot;sizes&quot;:[]},&quot;rows_gap_tablet&quot;:{&quot;unit&quot;:&quot;px&quot;,&quot;size&quot;:&quot;&quot;,&quot;sizes&quot;:[]},&quot;rows_gap_mobile&quot;:{&quot;unit&quot;:&quot;px&quot;,&quot;size&quot;:&quot;&quot;,&quot;sizes&quot;:[]}}\" data-widget_type=\"etheme_gallery.default\">\n\t\t\t\t<div class=\"elementor-widget-container\">\n\t\t\t\t\t        \n        <div class=\"etheme-gallery-wrapper\">\n            \t            \n\t            <div class=\"e-gallery etheme-gallery active\" id=\"etheme-gallery-3409\" data-item-settings=\"{&quot;type&quot;:&quot;grid&quot;}\" data-uniq-id=\"3409\">\n                                <div class=\"e-gallery-item etheme-gallery-item\">\n                <div class=\"etheme-gallery-item-overlay\">\n                    <a data-elementor-open-lightbox=\"yes\" data-elementor-lightbox-slideshow=\"all-fedd9b7\" data-elementor-lightbox-title=\"afyon-menekse-mermer-zemin\" data-e-action-hash=\"#elementor-action%3Aaction%3Dlightbox%26settings%3DeyJpZCI6Mzg1OTUsInVybCI6Imh0dHBzOlwvXC93d3cua2FyYXJ0bWFyYmxlLmNvbVwvd3AtY29udGVudFwvdXBsb2Fkc1wvMjAyNVwvMDdcL2FmeW9uLW1lbmVrc2UtbWVybWVyLXplbWluLmpwZyIsInNsaWRlc2hvdyI6ImFsbC1mZWRkOWI3In0%3D\" class=\"e-gallery-image etheme-gallery-image elementor-gallery-item__image\" data-thumbnail=\"https:\/\/www.karartmarble.com\/wp-content\/uploads\/2025\/07\/afyon-menekse-mermer-zemin.jpg\" data-width=\"1024\" data-height=\"683\" alt=\"afyon menekse mermer zemin\" style=\"background-image: url(&#039;https:\/\/www.karartmarble.com\/wp-content\/uploads\/2025\/07\/afyon-menekse-mermer-zemin.jpg&#039;)\" href=\"https:\/\/www.karartmarble.com\/wp-content\/uploads\/2025\/07\/afyon-menekse-mermer-zemin.jpg\"><\/a>\n\t                <span class=\"etheme-gallery-item-details etheme-gallery-item-details-inside\"><span class=\"etheme-gallery-lightbox-icon\">\n            <svg version=\"1.1\" xmlns=\"http:\/\/www.w3.org\/2000\/svg\" width=\"1em\" height=\"1em\" viewBox=\"0 0 24 24\" fill=\"currentColor\">\n                <path d=\"M23.784 22.8l-6.168-6.144c1.584-1.848 2.448-4.176 2.448-6.576 0-5.52-4.488-10.032-10.032-10.032-5.52 0-10.008 4.488-10.008 10.008s4.488 10.032 10.032 10.032c2.424 0 4.728-0.864 6.576-2.472l6.168 6.144c0.144 0.144 0.312 0.216 0.48 0.216s0.336-0.072 0.456-0.192c0.144-0.12 0.216-0.288 0.24-0.48 0-0.192-0.072-0.384-0.192-0.504zM18.696 10.080c0 4.752-3.888 8.64-8.664 8.64-4.752 0-8.64-3.888-8.64-8.664 0-4.752 3.888-8.64 8.664-8.64s8.64 3.888 8.64 8.664z\"><\/path>\n            <\/svg>\n        <\/span><\/span>                <\/div>\n\t            \t                        <\/div>\n\t                <div class=\"e-gallery-item etheme-gallery-item\">\n                <div class=\"etheme-gallery-item-overlay\">\n                    <a data-elementor-open-lightbox=\"yes\" data-elementor-lightbox-slideshow=\"all-fedd9b7\" data-elementor-lightbox-title=\"violet-marble-floor\" data-e-action-hash=\"#elementor-action%3Aaction%3Dlightbox%26settings%3DeyJpZCI6Mzg1OTMsInVybCI6Imh0dHBzOlwvXC93d3cua2FyYXJ0bWFyYmxlLmNvbVwvd3AtY29udGVudFwvdXBsb2Fkc1wvMjAyNVwvMDdcL3Zpb2xldC1tYXJibGUtZmxvb3IuanBnIiwic2xpZGVzaG93IjoiYWxsLWZlZGQ5YjcifQ%3D%3D\" class=\"e-gallery-image etheme-gallery-image elementor-gallery-item__image\" data-thumbnail=\"https:\/\/www.karartmarble.com\/wp-content\/uploads\/2025\/07\/violet-marble-floor.jpg\" data-width=\"1024\" data-height=\"683\" alt=\"violet marble floor\" style=\"background-image: url(&#039;https:\/\/www.karartmarble.com\/wp-content\/uploads\/2025\/07\/violet-marble-floor.jpg&#039;)\" href=\"https:\/\/www.karartmarble.com\/wp-content\/uploads\/2025\/07\/violet-marble-floor.jpg\"><\/a>\n\t                <span class=\"etheme-gallery-item-details etheme-gallery-item-details-inside\"><span class=\"etheme-gallery-lightbox-icon\">\n            <svg version=\"1.1\" xmlns=\"http:\/\/www.w3.org\/2000\/svg\" width=\"1em\" height=\"1em\" viewBox=\"0 0 24 24\" fill=\"currentColor\">\n                <path d=\"M23.784 22.8l-6.168-6.144c1.584-1.848 2.448-4.176 2.448-6.576 0-5.52-4.488-10.032-10.032-10.032-5.52 0-10.008 4.488-10.008 10.008s4.488 10.032 10.032 10.032c2.424 0 4.728-0.864 6.576-2.472l6.168 6.144c0.144 0.144 0.312 0.216 0.48 0.216s0.336-0.072 0.456-0.192c0.144-0.12 0.216-0.288 0.24-0.48 0-0.192-0.072-0.384-0.192-0.504zM18.696 10.080c0 4.752-3.888 8.64-8.664 8.64-4.752 0-8.64-3.888-8.64-8.664 0-4.752 3.888-8.64 8.664-8.64s8.64 3.888 8.64 8.664z\"><\/path>\n            <\/svg>\n        <\/span><\/span>                <\/div>\n\t            \t                        <\/div>\n\t                <div class=\"e-gallery-item etheme-gallery-item\">\n                <div class=\"etheme-gallery-item-overlay\">\n                    <a data-elementor-open-lightbox=\"yes\" data-elementor-lightbox-slideshow=\"all-fedd9b7\" data-elementor-lightbox-title=\"afyon-mermer-plaka\" data-e-action-hash=\"#elementor-action%3Aaction%3Dlightbox%26settings%3DeyJpZCI6Mzg1OTEsInVybCI6Imh0dHBzOlwvXC93d3cua2FyYXJ0bWFyYmxlLmNvbVwvd3AtY29udGVudFwvdXBsb2Fkc1wvMjAyNVwvMDdcL2FmeW9uLW1lcm1lci1wbGFrYS5qcGVnIiwic2xpZGVzaG93IjoiYWxsLWZlZGQ5YjcifQ%3D%3D\" class=\"e-gallery-image etheme-gallery-image elementor-gallery-item__image\" data-thumbnail=\"https:\/\/www.karartmarble.com\/wp-content\/uploads\/2025\/07\/afyon-mermer-plaka.jpeg\" data-width=\"1000\" data-height=\"667\" alt=\"afyon mermer plaka\" style=\"background-image: url(&#039;https:\/\/www.karartmarble.com\/wp-content\/uploads\/2025\/07\/afyon-mermer-plaka.jpeg&#039;)\" href=\"https:\/\/www.karartmarble.com\/wp-content\/uploads\/2025\/07\/afyon-mermer-plaka.jpeg\"><\/a>\n\t                <span class=\"etheme-gallery-item-details etheme-gallery-item-details-inside\"><span class=\"etheme-gallery-lightbox-icon\">\n            <svg version=\"1.1\" xmlns=\"http:\/\/www.w3.org\/2000\/svg\" width=\"1em\" height=\"1em\" viewBox=\"0 0 24 24\" fill=\"currentColor\">\n                <path d=\"M23.784 22.8l-6.168-6.144c1.584-1.848 2.448-4.176 2.448-6.576 0-5.52-4.488-10.032-10.032-10.032-5.52 0-10.008 4.488-10.008 10.008s4.488 10.032 10.032 10.032c2.424 0 4.728-0.864 6.576-2.472l6.168 6.144c0.144 0.144 0.312 0.216 0.48 0.216s0.336-0.072 0.456-0.192c0.144-0.12 0.216-0.288 0.24-0.48 0-0.192-0.072-0.384-0.192-0.504zM18.696 10.080c0 4.752-3.888 8.64-8.664 8.64-4.752 0-8.64-3.888-8.64-8.664 0-4.752 3.888-8.64 8.664-8.64s8.64 3.888 8.64 8.664z\"><\/path>\n            <\/svg>\n        <\/span><\/span>                <\/div>\n\t            \t                        <\/div>\n\t                    <\/div>\n                    <\/div>\n        \n        \t\t\t\t<\/div>\n\t\t\t\t<\/div>\n\t\t\t\t\t<\/div>\n\t\t<\/div>\n\t\t\t\t\t<\/div>\n\t\t<\/section>\n\t\t\t\t<section class=\"elementor-section elementor-top-section elementor-element elementor-element-e4cb41d elementor-section-boxed elementor-section-height-default elementor-section-height-default\" data-id=\"e4cb41d\" data-element_type=\"section\" data-e-type=\"section\">\n\t\t\t\t\t\t<div class=\"elementor-container elementor-column-gap-default\">\n\t\t\t\t\t<div class=\"elementor-column elementor-col-100 elementor-top-column elementor-element elementor-element-0c84001\" data-id=\"0c84001\" data-element_type=\"column\" data-e-type=\"column\">\n\t\t\t<div class=\"elementor-widget-wrap elementor-element-populated\">\n\t\t\t\t\t\t<div class=\"elementor-element elementor-element-6cc9c29 elementor-widget elementor-widget-text-editor\" data-id=\"6cc9c29\" data-element_type=\"widget\" data-e-type=\"widget\" data-widget_type=\"text-editor.default\">\n\t\t\t\t<div class=\"elementor-widget-container\">\n\t\t\t\t\t\t\t\t\t<p><strong>Menek\u015fe mermer<\/strong>, T\u00fcrkiye\u2019de \u00e7\u0131kar\u0131lan bir t\u00fcr leylak beyaz\u0131 mermerdir. Bu mermer t\u00fcr\u00fc, hemen her alanda kullan\u0131m i\u00e7in tercih edilebilir. \u00d6zellikle d\u0131\u015f \u2013 i\u00e7 duvar ve zemin uygulamalar\u0131, an\u0131tlar, tezg\u00e2hlar, mozaik, \u00e7e\u015fmeler, havuz ve duvar kaplamalar\u0131, merdivenler, pencere pervazlar\u0131, basamak ve merdiven uygulamalar\u0131, s\u00fcsleme e\u015fyalar\u0131nda ve di\u011fer tasar\u0131m projeleri i\u00e7in iyidir. Afyon menek\u015fe mermeri ayn\u0131 zamanda dekoratif \u00fcr\u00fcnlerde de tercih sebebidir. S\u00fctun kaplamas\u0131, lavabo, cilal\u0131 mozaik, peyzaj alanlar\u0131nda bah\u00e7e s\u00fcsleri gibi uygulamalarda kar\u015f\u0131m\u0131za \u00e7\u0131kmaktad\u0131r. <strong>Calacatta; Afyon menek\u015fe mermeri, Afyon menek\u015fe klasik mermer, Afyon viola mermeri, Afyon violet mermeri, Afyon \u00e7i\u00e7ek mermeri<\/strong> olarak da adland\u0131r\u0131lmaktad\u0131r. Afyon menek\u015fe mermer cilal\u0131, kesilmi\u015f, z\u0131mparalanm\u0131\u015f, ta\u015f y\u00fczl\u00fc, kumlanm\u0131\u015f, eskitme vb. olarak i\u015flenebilir.<\/p><p><strong>Afyon menek\u015fe mermeri<\/strong>, menek\u015fe \u00e7i\u00e7e\u011fini and\u0131ran g\u00f6r\u00fcnt\u00fcs\u00fcyle kullan\u0131m alanlar\u0131na \u015f\u0131k ve zarif bir g\u00f6r\u00fcnt\u00fc sa\u011flamaktad\u0131r. Afyon menek\u015fe mermerinin beyaz \u00fczeri mor, siyah, sar\u0131, kahverengi ve gri dalgalar, ta\u015f\u0131n g\u00f6r\u00fcnt\u00fcs\u00fcn\u00fc s\u00fcslemektedir. Piyasada do\u011fal ta\u015f sekt\u00f6r\u00fcnde birinci s\u0131n\u0131f ta\u015f kategorisine giren dayan\u0131kl\u0131 ta\u015f olan Calacatta, yurti\u00e7indeki piyasa ad\u0131yla Afyon menek\u015fe ya da Afyon menek\u015fe klasik mermer, \u00e7e\u015fitli y\u00fczey i\u015flemleri uygulanarak sat\u0131\u015fa sunulabilmektedir. Mek\u00e2nlarda geni\u015flik ve ferahl\u0131k hissi veren ahengiyle i\u00e7 mek\u00e2nlarda ve dar alanlarda \u00f6zellikle tercih edilen mermer t\u00fcr\u00fcd\u00fcr. Afyon menek\u015fe mermeri i\u00e7 dekorasyonda ferah bir ortam olu\u015fturan beyaz mermerin uyguland\u0131\u011f\u0131 alana modern bir hava katar, Afyon menek\u015fe \u00e7i\u00e7e\u011finin tonlar\u0131n\u0131 i\u00e7inde bar\u0131nd\u0131ran mor tonlar\u0131yla canland\u0131r\u0131c\u0131 enerji etkisine sahip olur. Afyon menek\u015fe mermeri i\u00e7 mek\u00e2nlarda tercih edildi\u011fi kadar d\u0131\u015f mek\u00e2n uygulamalar\u0131nda da aranan mermer t\u00fcr\u00fcd\u00fcr.<\/p><p><strong>Afyon menek\u015fe mermeri<\/strong>, yurt i\u00e7inde oldu\u011fu kadar yurt d\u0131\u015f\u0131 projelerinde de yo\u011fun ilgi g\u00f6rmektedir. Tam olu\u015fmu\u015f bir mermer \u00e7e\u015fidi olmas\u0131 nedeni ile epoksi ve file uygulamas\u0131na gerek kalmadan imalat tamamlanmaktad\u0131r. Epoksi file uygulamas\u0131n\u0131n yap\u0131lmamas\u0131, \u00fcr\u00fcn\u00fcn maliyetine de olumlu y\u00f6nde etki etmektedir. Afyon Menek\u015fe ayn\u0131 zamanda y\u00fcksek sertlik derecesine sahiptir. Bu \u00f6zelli\u011fi de dayan\u0131kl\u0131l\u0131\u011f\u0131n\u0131 artt\u0131rmaktad\u0131r. Sertlik derecesi y\u00fcksek olan Afyon menek\u015fe klasik mermer hem i\u00e7 mek\u00e2n hem de d\u0131\u015f mek\u00e2n zemin d\u00f6\u015femesi, duvar kaplamas\u0131, merdiven basama\u011f\u0131 olarak kullan\u0131labilmektedir. Ayn\u0131 zamanda dekoratif \u00fcr\u00fcnlerde de tercih edilmektedir. S\u00fctun kaplamas\u0131, tezg\u00e2h, lavabo, cilal\u0131 mozaik, peyzaj alanlar\u0131nda bah\u00e7e s\u00fcsleri gibi uygulamalarda da Afyon yo\u011fun menek\u015fe mermeri kar\u015f\u0131m\u0131za \u00e7\u0131kmaktad\u0131r. Cilal\u0131 mozaik se\u00e7enekleri ile ister mutfa\u011f\u0131n\u0131zda tezg\u00e2h arkas\u0131 duvar kaplama, isterseniz de banyolar\u0131n\u0131zda duvar kaplamas\u0131 olarak yapaca\u011f\u0131n\u0131z ufak dokunu\u015flar ile bulundu\u011fu ortama renk katabilirsiniz. Afyon yo\u011fun menek\u015fe mermeri, i\u00e7 dekorasyonda her zaman ferah bir ortam olu\u015fturan beyaz renk, evinize hem modern bir dokunu\u015f katacak, hem de i\u00e7 a\u00e7\u0131c\u0131 mor tonlar\u0131ndan olan menek\u015fenin olumlu enerjisini ya\u015fam alan\u0131na yans\u0131tabileceksiniz.<\/p><p><br \/><br \/><\/p>\t\t\t\t\t\t\t\t<\/div>\n\t\t\t\t<\/div>\n\t\t\t\t\t<\/div>\n\t\t<\/div>\n\t\t\t\t\t<\/div>\n\t\t<\/section>\n\t\t\t\t<section class=\"elementor-section elementor-top-section elementor-element elementor-element-63b74620 elementor-section-boxed elementor-section-height-default elementor-section-height-default\" data-id=\"63b74620\" data-element_type=\"section\" data-e-type=\"section\">\n\t\t\t\t\t\t<div class=\"elementor-container elementor-column-gap-default\">\n\t\t\t\t\t<div class=\"elementor-column elementor-col-100 elementor-top-column elementor-element elementor-element-79126a68\" data-id=\"79126a68\" data-element_type=\"column\" data-e-type=\"column\">\n\t\t\t<div class=\"elementor-widget-wrap elementor-element-populated\">\n\t\t\t\t\t\t\t<\/div>\n\t\t<\/div>\n\t\t\t\t\t<\/div>\n\t\t<\/section>\n\t\t\t\t<\/div>\n\t\t","protected":false},"excerpt":{"rendered":"[table id=264\/]\n","protected":false},"featured_media":38587,"comment_status":"open","ping_status":"closed","template":"","meta":{"inline_featured_image":false},"etheme_brands":[{"term_id":365,"name":"karartmarble","slug":"karartmarble-tr","term_group":0,"term_taxonomy_id":365,"taxonomy":"brand","description":"","parent":0,"count":91,"filter":"raw"}],"product_brand":[],"product_cat":[402,404],"product_tag":[],"class_list":{"0":"post-38548","1":"product","2":"type-product","3":"status-publish","4":"has-post-thumbnail","6":"brand-karartmarble-tr","7":"product_cat-plakalar","8":"product_cat-tum-urunler","10":"first","11":"outofstock","12":"shipping-taxable","13":"purchasable","14":"product-type-variable"},"_links":{"self":[{"href":"https:\/\/www.karartmarble.com\/tr\/wp-json\/wp\/v2\/product\/38548","targetHints":{"allow":["GET"]}}],"collection":[{"href":"https:\/\/www.karartmarble.com\/tr\/wp-json\/wp\/v2\/product"}],"about":[{"href":"https:\/\/www.karartmarble.com\/tr\/wp-json\/wp\/v2\/types\/product"}],"replies":[{"embeddable":true,"href":"https:\/\/www.karartmarble.com\/tr\/wp-json\/wp\/v2\/comments?post=38548"}],"version-history":[{"count":5,"href":"https:\/\/www.karartmarble.com\/tr\/wp-json\/wp\/v2\/product\/38548\/revisions"}],"predecessor-version":[{"id":38647,"href":"https:\/\/www.karartmarble.com\/tr\/wp-json\/wp\/v2\/product\/38548\/revisions\/38647"}],"wp:featuredmedia":[{"embeddable":true,"href":"https:\/\/www.karartmarble.com\/tr\/wp-json\/wp\/v2\/media\/38587"}],"wp:attachment":[{"href":"https:\/\/www.karartmarble.com\/tr\/wp-json\/wp\/v2\/media?parent=38548"}],"wp:term":[{"taxonomy":"brand","embeddable":true,"href":"https:\/\/www.karartmarble.com\/tr\/wp-json\/wp\/v2\/etheme_brands?post=38548"},{"taxonomy":"product_brand","embeddable":true,"href":"https:\/\/www.karartmarble.com\/tr\/wp-json\/wp\/v2\/product_brand?post=38548"},{"taxonomy":"product_cat","embeddable":true,"href":"https:\/\/www.karartmarble.com\/tr\/wp-json\/wp\/v2\/product_cat?post=38548"},{"taxonomy":"product_tag","embeddable":true,"href":"https:\/\/www.karartmarble.com\/tr\/wp-json\/wp\/v2\/product_tag?post=38548"}],"curies":[{"name":"wp","href":"https:\/\/api.w.org\/{rel}","templated":true}]}}